{"id":83,"date":"2021-04-26T09:16:35","date_gmt":"2021-04-26T09:16:35","guid":{"rendered":"https:\/\/new.ecopell.de\/?page_id=83"},"modified":"2024-01-09T08:12:17","modified_gmt":"2024-01-09T07:12:17","slug":"fragen-antworten","status":"publish","type":"page","link":"https:\/\/www.ecopell.de\/?page_id=83","title":{"rendered":"FRAGEN + ANTWORTEN"},"content":{"rendered":"<div id='full_slider_1'  class='avia-fullwidth-slider main_color avia-shadow   avia-builder-el-0  el_before_av_textblock  avia-builder-el-first   container_wrap fullsize'  >\n<style type=\"text\/css\" data-created_by=\"avia_inline_auto\" id=\"style-css-av-kntw3sdi-100f0528d7bc570d90238892a396b82c\">\n#top #wrap_all .avia-slideshow .av-slideshow-caption.av-kntw3sdi-100f0528d7bc570d90238892a396b82c__0 .avia-caption-title{\nfont-size:50px;\n}\n#top .avia-slideshow .av-slideshow-caption.av-kntw3sdi-100f0528d7bc570d90238892a396b82c__0 .avia-caption-content{\nfont-size:30px;\n}\n#top .avia-slideshow .av-slideshow-caption.av-kntw3sdi-100f0528d7bc570d90238892a396b82c__0 .avia-caption-content p{\nfont-size:30px;\n}\n<\/style>\n<div  class='avia-slideshow av-kntw3sdi-100f0528d7bc570d90238892a396b82c avia-slideshow-featured av_slideshow_full avia-slide-slider av-slideshow-ui av-control-hidden av-no-slider-navigation av-hide-nav-arrows av-slideshow-autoplay av-loop-endless av-loop-manual-endless av-default-height-applied   avia-slideshow-1' data-slideshow-options=\"{&quot;animation&quot;:&quot;slide&quot;,&quot;autoplay&quot;:true,&quot;loop_autoplay&quot;:&quot;endless&quot;,&quot;interval&quot;:5,&quot;loop_manual&quot;:&quot;manual-endless&quot;,&quot;autoplay_stopper&quot;:false,&quot;noNavigation&quot;:true,&quot;bg_slider&quot;:false,&quot;keep_padding&quot;:false,&quot;hoverpause&quot;:false,&quot;show_slide_delay&quot;:0}\"  itemprop=\"image\" itemscope=\"itemscope\" itemtype=\"https:\/\/schema.org\/ImageObject\" ><ul class='avia-slideshow-inner ' style='padding-bottom: 28.666666666667%;'><li  class='avia-slideshow-slide av-kntw3sdi-100f0528d7bc570d90238892a396b82c__0  av-single-slide slide-1 slide-odd'><div data-rel='slideshow-1' class='avia-slide-wrap '   ><img decoding=\"async\" fetchpriority=\"high\" class=\"wp-image-283 avia-img-lazy-loading-not-283\"  src=\"https:\/\/i0.wp.com\/www.ecopell.de\/wp-content\/uploads\/2021\/05\/Header_FAQ.jpg?resize=1500%2C430&ssl=1\" width=\"1500\" height=\"430\" title='Header_FAQ' alt=''  itemprop=\"thumbnailUrl\" srcset=\"https:\/\/i0.wp.com\/www.ecopell.de\/wp-content\/uploads\/2021\/05\/Header_FAQ.jpg?w=1500&amp;ssl=1 1500w, https:\/\/i0.wp.com\/www.ecopell.de\/wp-content\/uploads\/2021\/05\/Header_FAQ.jpg?resize=300%2C86&amp;ssl=1 300w, https:\/\/i0.wp.com\/www.ecopell.de\/wp-content\/uploads\/2021\/05\/Header_FAQ.jpg?resize=1030%2C295&amp;ssl=1 1030w, https:\/\/i0.wp.com\/www.ecopell.de\/wp-content\/uploads\/2021\/05\/Header_FAQ.jpg?resize=768%2C220&amp;ssl=1 768w, https:\/\/i0.wp.com\/www.ecopell.de\/wp-content\/uploads\/2021\/05\/Header_FAQ.jpg?resize=705%2C202&amp;ssl=1 705w\" sizes=\"(max-width: 1500px) 100vw, 1500px\" \/><\/div><\/li><\/ul><div class='av-slideshow-caption av-kntw3sdi-100f0528d7bc570d90238892a396b82c__0 caption_fullwidth caption_center caption_center_framed caption_framed'><div class=\"container caption_container\"><div class=\"slideshow_caption\"><div class=\"slideshow_inner_caption\"><div class=\"slideshow_align_caption\"><h2 class='avia-caption-title '  itemprop=\"name\" >FRAGEN & ANTWORTEN<\/h2><div class='avia-caption-content '  itemprop=\"description\" ><p>Was m\u00f6chten Sie alles wissen?<\/p>\n<\/div><\/div><\/div><\/div><\/div><\/div><\/div><\/div><div id='after_full_slider_1'  class='main_color av_default_container_wrap container_wrap fullsize'  ><div class='container av-section-cont-open' ><div class='template-page content  av-content-full alpha units'><div class='post-entry post-entry-type-page post-entry-83'><div class='entry-content-wrapper clearfix'>\n<section  class='av_textblock_section av-kntvz7lq-1f17139c7f650a3406636206f4a135ed '   itemscope=\"itemscope\" itemtype=\"https:\/\/schema.org\/CreativeWork\" ><div class='avia_textblock'  itemprop=\"text\" ><h1>Fragen &#038; Antworten<\/h1>\n\n<style type=\"text\/css\" data-created_by=\"avia_inline_auto\" id=\"style-css-av-oh6n-2d2cb97ae7d0410969f4efc60bb99c4b\">\n.av_font_icon.av-oh6n-2d2cb97ae7d0410969f4efc60bb99c4b .av-icon-char{\nfont-size:40px;\nline-height:40px;\n}\n<\/style>\n<span  class='av_font_icon av-oh6n-2d2cb97ae7d0410969f4efc60bb99c4b avia_animate_when_visible av-icon-style- avia-icon-pos-left avia-iconfont avia-font-entypo-fontello av-no-color avia-icon-animate'><span class='av-icon-char' data-av_icon='\ue819' data-av_iconfont='entypo-fontello' aria-hidden=\"true\" ><\/span><\/span>\n<\/div><\/section>\n\n<style type=\"text\/css\" data-created_by=\"avia_inline_auto\" id=\"style-css-av-1rz4k-810274d3a885ec3b9cc5371e554c17ca\">\n.flex_column.av-1rz4k-810274d3a885ec3b9cc5371e554c17ca{\nborder-radius:0px 0px 0px 0px;\npadding:0px 0px 0px 0px;\n}\n<\/style>\n<div  class='flex_column av-1rz4k-810274d3a885ec3b9cc5371e554c17ca av_two_third  avia-builder-el-3  el_after_av_textblock  el_before_av_one_third  first flex_column_div av-zero-column-padding  column-top-margin'     ><section  class='av_textblock_section av-kntw08x8-c4a7de28a9a00341b121d2151c238a73 '   itemscope=\"itemscope\" itemtype=\"https:\/\/schema.org\/CreativeWork\" ><div class='avia_textblock'  itemprop=\"text\" ><p>Leder ist ein so vielf\u00e4ltiges und faszinierendes Produkt, dass es kaum umfassend dargestellt werden kann. Daher finden Sie unten aufgelistet die am h\u00e4ufigsten gestellten Fragen mit den entsprechenden Antworten. Sollte Ihre Frage nicht dabei sein, erreichen Sie uns per Fax, E-mail oder Telefon.<\/p>\n<\/div><\/section><\/div>\n\n<style type=\"text\/css\" data-created_by=\"avia_inline_auto\" id=\"style-css-av-oy9k-ade739eb8170bb06b3c73d3719796c60\">\n.flex_column.av-oy9k-ade739eb8170bb06b3c73d3719796c60{\nborder-radius:0px 0px 0px 0px;\npadding:0px 0px 0px 0px;\n}\n<\/style>\n<div  class='flex_column av-oy9k-ade739eb8170bb06b3c73d3719796c60 av_one_third  avia-builder-el-5  el_after_av_two_third  el_before_av_hr  flex_column_div av-zero-column-padding  column-top-margin'     ><p>\n<style type=\"text\/css\" data-created_by=\"avia_inline_auto\" id=\"style-css-av-knzsljlf-116f221e95bc81a2fe5e7d1271b593f3\">\n.avia-image-container.av-knzsljlf-116f221e95bc81a2fe5e7d1271b593f3 img.avia_image{\nbox-shadow:none;\n}\n.avia-image-container.av-knzsljlf-116f221e95bc81a2fe5e7d1271b593f3 .av-image-caption-overlay-center{\ncolor:#ffffff;\n}\n<\/style>\n<div  class='avia-image-container av-knzsljlf-116f221e95bc81a2fe5e7d1271b593f3 av-styling- avia-align-center  avia-builder-el-6  el_before_av_textblock  avia-builder-el-first '   itemprop=\"image\" itemscope=\"itemscope\" itemtype=\"https:\/\/schema.org\/ImageObject\" ><div class=\"avia-image-container-inner\"><div class=\"avia-image-overlay-wrap\"><img decoding=\"async\" fetchpriority=\"high\" class='wp-image-456 avia-img-lazy-loading-not-456 avia_image ' src=\"https:\/\/i0.wp.com\/www.ecopell.de\/wp-content\/uploads\/2021\/05\/FAQs.jpg?fit=300%2C300&ssl=1\" alt='' title='FAQs'  height=\"300\" width=\"300\"  itemprop=\"thumbnailUrl\" srcset=\"https:\/\/i0.wp.com\/www.ecopell.de\/wp-content\/uploads\/2021\/05\/FAQs.jpg?w=300&amp;ssl=1 300w, https:\/\/i0.wp.com\/www.ecopell.de\/wp-content\/uploads\/2021\/05\/FAQs.jpg?resize=80%2C80&amp;ssl=1 80w, https:\/\/i0.wp.com\/www.ecopell.de\/wp-content\/uploads\/2021\/05\/FAQs.jpg?resize=36%2C36&amp;ssl=1 36w, https:\/\/i0.wp.com\/www.ecopell.de\/wp-content\/uploads\/2021\/05\/FAQs.jpg?resize=180%2C180&amp;ssl=1 180w\" sizes=\"(max-width: 300px) 100vw, 300px\" \/><\/div><\/div><\/div><br \/>\n<section  class='av_textblock_section av-kol6qy8j-66d9a036ed9afafb80cfc314005bc0ce '   itemscope=\"itemscope\" itemtype=\"https:\/\/schema.org\/CreativeWork\" ><div class='avia_textblock'  itemprop=\"text\" ><h6 style=\"text-align: center;\">Bild: Ledergl\u00fcck<\/h6>\n<\/div><\/section><\/p><\/div>\n\n<style type=\"text\/css\" data-created_by=\"avia_inline_auto\" id=\"style-css-av-kobbkto7-f4ff6763f1c22982f27016da581a0ad3\">\n#top .hr.hr-invisible.av-kobbkto7-f4ff6763f1c22982f27016da581a0ad3{\nheight:30px;\n}\n<\/style>\n<div  class='hr av-kobbkto7-f4ff6763f1c22982f27016da581a0ad3 hr-invisible  avia-builder-el-8  el_after_av_one_third  el_before_av_toggle_container '><span class='hr-inner '><span class=\"hr-inner-style\"><\/span><\/span><\/div>\n<div  class='togglecontainer av-kobbi10f-b99967bc53def8f15c9b262fb2f8bd2a  avia-builder-el-9  el_after_av_hr  avia-builder-el-last  toggle_close_all' >\n<section class='av_toggle_section av-9p1kn-794f8de35f9267601f47e9c47d5c34a8'  itemscope=\"itemscope\" itemtype=\"https:\/\/schema.org\/CreativeWork\" ><div role=\"tablist\" class=\"single_toggle\" data-tags=\"{Alle} \"  ><p id='toggle-toggle-id-1' data-fake-id='#toggle-id-1' class='toggler  av-title-above '  itemprop=\"headline\"  role='tab' tabindex='0' aria-controls='toggle-id-1' data-slide-speed=\"200\" data-title=\"1. Warum sollte ein Ledersofa nicht an das sonnige S\u00fcdfenster gestellt werden?\" data-title-open=\"\" data-aria_collapsed=\"Click to expand: 1. Warum sollte ein Ledersofa nicht an das sonnige S\u00fcdfenster gestellt werden?\" data-aria_expanded=\"Click to collapse: 1. Warum sollte ein Ledersofa nicht an das sonnige S\u00fcdfenster gestellt werden?\">1. Warum sollte ein Ledersofa nicht an das sonnige S\u00fcdfenster gestellt werden?<span class=\"toggle_icon\"><span class=\"vert_icon\"><\/span><span class=\"hor_icon\"><\/span><\/span><\/p><div id='toggle-id-1' aria-labelledby='toggle-toggle-id-1' role='region' class='toggle_wrap  av-title-above'  ><div class='toggle_content invers-color '  itemprop=\"text\" ><p>Die Farbstoffe im Leder ver\u00e4ndern sich unter dem Einfluss der energiereichen Strahlen der Sonne. Je nach Gerbart und verwendeten Gerbstoffen tritt dieser Effekt unterschiedlich stark auf: die urspr\u00fcngliche Farbe des Leders kann nachdunkeln oder verblassen.<\/p>\n<p>Es handelt sich um einen nat\u00fcrlichen Prozess, der nur durch den massiven Einsatz chemischer Hilfsstoffe auf der Lederoberfl\u00e4che einged\u00e4mmt werden k\u00f6nnte. Aus gesundheitlichen und \u00f6kologischen Erw\u00e4gungen ist es jedoch vern\u00fcnftiger, seine Lederm\u00f6bel, Ledertextilien oder Schuhe nicht \u00fcber l\u00e4ngere Zeit der direkten Sonne oder eine starken Lichtquelle auszusetzen, sondern sie an schattigen Stellen zu platzieren.<\/p>\n<\/div><\/div><\/div><\/section>\n<section class='av_toggle_section av-98ay7-c3c468334045461e7eeb668d13d3c937'  itemscope=\"itemscope\" itemtype=\"https:\/\/schema.org\/CreativeWork\" ><div role=\"tablist\" class=\"single_toggle\" data-tags=\"{Alle} \"  ><p id='toggle-toggle-id-2' data-fake-id='#toggle-id-2' class='toggler  av-title-above '  itemprop=\"headline\"  role='tab' tabindex='0' aria-controls='toggle-id-2' data-slide-speed=\"200\" data-title=\"2. Worauf ist bei der Lederpflege zu achten?\" data-title-open=\"\" data-aria_collapsed=\"Click to expand: 2. Worauf ist bei der Lederpflege zu achten?\" data-aria_expanded=\"Click to collapse: 2. Worauf ist bei der Lederpflege zu achten?\">2. Worauf ist bei der Lederpflege zu achten?<span class=\"toggle_icon\"><span class=\"vert_icon\"><\/span><span class=\"hor_icon\"><\/span><\/span><\/p><div id='toggle-id-2' aria-labelledby='toggle-toggle-id-2' role='region' class='toggle_wrap  av-title-above'  ><div class='toggle_content invers-color '  itemprop=\"text\" ><div id=\"pu117065\" class=\"clearfix colelem\">\n<div id=\"u116907-7\" class=\"Text clearfix grpelem\" data-muse-uid=\"U116907\" data-muse-type=\"txt_frame\" data-ibe-flags=\"txtStyleSrc\">\n<p>Die Lederpflege sollte genau auf die Lederart abgestimmt sein, um eine optimale Wirkung zu erreichen. Grunds\u00e4tzlich ist bei der Pflege zwischen Narbenleder (Ecopell-Nappaleder, Ecopell Antik) und Rauhleder (Ecopell-Veloursleder) zu unterscheiden.<\/p>\n<p>Naturfarbene und gef\u00e4rbte Narbenleder sind in ihren Pflegeanspr\u00fcchen sehr gen\u00fcgsam. Sie sollten hin und wieder von Staub und losem Schmutz befreit werden. Das kann mit einem weichen trockenen oder feuchten Tuch geschehen. Vermeiden Sie die Besch\u00e4digung der naturbelassenen Lederoberfl\u00e4che durch scharfkantige Gegenst\u00e4nde (Metallkn\u00f6pfe, Nieten, o.\u00e4.). Solche Sch\u00e4den bleiben dauerhaft sichtbar.<\/p>\n<\/div>\n<\/div>\n<div id=\"u117075-10\" class=\"Text clearfix colelem\" data-muse-uid=\"U117075\" data-muse-type=\"txt_frame\" data-ibe-flags=\"txtStyleSrc\">\n<p>Ist Leder einmal nass geworden (z.B. Schuhe oder Bekleidung), sollte es an einem m\u00e4\u00dfig warmen, gut bel\u00fcfteten Ort langsam getrocknet werden. Keinesfalls auf eine Heizung oder einen Ofen legen! Das getrocknete Leder anschlie\u00dfend mit einem Pflegemittel auf Naturbasis einfetten.<\/p>\n<p>Narbenleder ben\u00f6tigt nach ca. 2 \u2013 4 Jahren eine erste Auffrischung mit einem geeigneten Pflegemittel. So erh\u00e4lt es Geschmeidigkeit und Volumen zur\u00fcck. Danach reicht einmal pro Jahr eine weitere Behandlung. F\u00fcr ihre pflanzlich-gegerbten Narbenleder hat die Ecopell GmbH eine speziell auf die Anspr\u00fcche der Leder abgestimmte Pflegerezeptur (voll deklariert und nur aus nat\u00fcrlichen Stoffen) entwickeln lassen. Dieses Auffrischungsmittel ist dort im Fachhandel erh\u00e4ltlich, wo Ecopell-Produkte angeboten werden. Oder es kann direkt bei der Ecopell GmbH bestellt werden.<\/p>\n<p>Die offene, faserige Oberfl\u00e4che der Velourleder ist sehr empfindlich gegen Verschmutzung, vor allen gegen\u00fcber feuchtem Schmutz und Fl\u00fcssigkeiten. Als regelm\u00e4\u00dfige Pflegema\u00dfnahme empfiehlt es sich, den samtigen Flor mit einer B\u00fcrste von Staub zu befreien und gleichzeitig wieder aufzurauhen. An besonders beanspruchten Fl\u00e4chen, die blank geworden sind, stellt ein leichtes Anschmirgeln mit sehr feinem Sandpapier die Velouroptik wieder her. Velourleder sollte nur mit speziellen Pflegemitteln f\u00fcr Rauhleder behandelt werden, weil sonst die Lederfasern verkleben und die Oberfl\u00e4che das klassische Erscheinungsbild verliert. Achten Sie in ihrem eigenen Interesse auf nat\u00fcrliche Inhaltsstoffe. Von Sprays auf Fluorcarbon-Basis ist aus \u00f6kologischer und gesundheitlicher Sicht abzuraten.<\/p>\n<\/div>\n<\/div><\/div><\/div><\/section>\n<section class='av_toggle_section av-vpnj-2dee3a1945168e7d026b387ba22a6463'  itemscope=\"itemscope\" itemtype=\"https:\/\/schema.org\/CreativeWork\" ><div role=\"tablist\" class=\"single_toggle\" data-tags=\"{Alle} \"  ><p id='toggle-toggle-id-3' data-fake-id='#toggle-id-3' class='toggler  av-title-above '  itemprop=\"headline\"  role='tab' tabindex='0' aria-controls='toggle-id-3' data-slide-speed=\"200\" data-title=\"3. Warum f\u00e4rbt trockenes Nubukleder manchmal auf helle Kleidung ab, wenn es damit in Ber\u00fchrung kommt?\" data-title-open=\"\" data-aria_collapsed=\"Click to expand: 3. Warum f\u00e4rbt trockenes Nubukleder manchmal auf helle Kleidung ab, wenn es damit in Ber\u00fchrung kommt?\" data-aria_expanded=\"Click to collapse: 3. Warum f\u00e4rbt trockenes Nubukleder manchmal auf helle Kleidung ab, wenn es damit in Ber\u00fchrung kommt?\">3. Warum f\u00e4rbt trockenes Nubukleder manchmal auf helle Kleidung ab, wenn es damit in Ber\u00fchrung kommt?<span class=\"toggle_icon\"><span class=\"vert_icon\"><\/span><span class=\"hor_icon\"><\/span><\/span><\/p><div id='toggle-id-3' aria-labelledby='toggle-toggle-id-3' role='region' class='toggle_wrap  av-title-above'  ><div class='toggle_content invers-color '  itemprop=\"text\" ><p>Hierbei handelt es sich nicht um ein Abf\u00e4rben im eigentlichen Sinne, sondern um die \u00dcbertragung von feinstem Lederstaub. Bei der Herstellung von Nubukleder wird die Hautoberfl\u00e4che intensiv geschliffen, um den samtigen Flor zu erzeugen. Dabei bleibt trotz anschlie\u00dfender Reinigung oft noch Staub an der Lederoberfl\u00e4che haften. Kommt das Leder dann mit anderen rauhen Materialien in Kontakt, geht der Lederstaub auf dieses \u00fcber. An hellen Stoffen ist er besonders gut zu sehen. Der Staub l\u00e4\u00dft sich in der Regel ausb\u00fcrsten oder verschwindet sp\u00e4testens bei der n\u00e4chsten W\u00e4sche.<\/p>\n<\/div><\/div><\/div><\/section>\n<section class='av_toggle_section av-s9kv-d981b392fa5ce084fd1112a9d708b628'  itemscope=\"itemscope\" itemtype=\"https:\/\/schema.org\/CreativeWork\" ><div role=\"tablist\" class=\"single_toggle\" data-tags=\"{Alle} \"  ><p id='toggle-toggle-id-4' data-fake-id='#toggle-id-4' class='toggler  av-title-above '  itemprop=\"headline\"  role='tab' tabindex='0' aria-controls='toggle-id-4' data-slide-speed=\"200\" data-title=\"4. Wie kommen unterschiedliche Farbschattierungen auf Ecopell-Leder zu Stande?\" data-title-open=\"\" data-aria_collapsed=\"Click to expand: 4. Wie kommen unterschiedliche Farbschattierungen auf Ecopell-Leder zu Stande?\" data-aria_expanded=\"Click to collapse: 4. Wie kommen unterschiedliche Farbschattierungen auf Ecopell-Leder zu Stande?\">4. Wie kommen unterschiedliche Farbschattierungen auf Ecopell-Leder zu Stande?<span class=\"toggle_icon\"><span class=\"vert_icon\"><\/span><span class=\"hor_icon\"><\/span><\/span><\/p><div id='toggle-id-4' aria-labelledby='toggle-toggle-id-4' role='region' class='toggle_wrap  av-title-above'  ><div class='toggle_content invers-color '  itemprop=\"text\" ><p>Die tierische Haut ist nicht an allen Stellen gleich beschaffen. Die Hautfasern sind mal dicker und mal d\u00fcnner, mal weisen sie eine engeren, mal eine lockerere Struktur auf. Die Farbstoffe lagern sich beim F\u00e4rbeprozess an den Hautfasern an. Diese binden unterschiedlich viele Farbpartikel und nehmen so einen entsprechend intensiven Farbton an.<\/p>\n<p>Wenn die Lederoberfl\u00e4che wie bei Ecopell naturbelassen ist, d.h. nicht mit einer farbigen Kunststoffschicht bedeckt wird, sind diese Farbschattierungen sichtbar. Sie verleihen dem Leder seine Lebendigkeit und Individualit\u00e4t, denn jedes Leder ist so einzigartig wie das Tier von dem die Haut stammt.<\/p>\n<\/div><\/div><\/div><\/section>\n<section class='av_toggle_section av-7bxwz-b7fca068447433eb0df20dd2ad531016'  itemscope=\"itemscope\" itemtype=\"https:\/\/schema.org\/CreativeWork\" ><div role=\"tablist\" class=\"single_toggle\" data-tags=\"{Alle} \"  ><p id='toggle-toggle-id-5' data-fake-id='#toggle-id-5' class='toggler  av-title-above '  itemprop=\"headline\"  role='tab' tabindex='0' aria-controls='toggle-id-5' data-slide-speed=\"200\" data-title=\"5. Warum sollten farbige Lederm\u00f6bel keinen Kontakt zu einer k\u00fcrzlich gestrichenen Wand haben?\" data-title-open=\"\" data-aria_collapsed=\"Click to expand: 5. Warum sollten farbige Lederm\u00f6bel keinen Kontakt zu einer k\u00fcrzlich gestrichenen Wand haben?\" data-aria_expanded=\"Click to collapse: 5. Warum sollten farbige Lederm\u00f6bel keinen Kontakt zu einer k\u00fcrzlich gestrichenen Wand haben?\">5. Warum sollten farbige Lederm\u00f6bel keinen Kontakt zu einer k\u00fcrzlich gestrichenen Wand haben?<span class=\"toggle_icon\"><span class=\"vert_icon\"><\/span><span class=\"hor_icon\"><\/span><\/span><\/p><div id='toggle-id-5' aria-labelledby='toggle-toggle-id-5' role='region' class='toggle_wrap  av-title-above'  ><div class='toggle_content invers-color '  itemprop=\"text\" ><p>Wandfarben enthalten h\u00e4ufig organische L\u00f6semittel, die die Trocknung der Farbe beschleunigen sollen. Die L\u00f6semittel k\u00f6nnen Farbstoffe aus dem Leder des Polsterm\u00f6bels herausl\u00f6sen und in die gestrichene Tapete \u00fcbergehen lassen. Dazu muss die Wandfarbe nicht mehr f\u00fchlbar feucht sein. Die L\u00f6semittel wirken in kleinen Konzentrationen auch noch Tage sp\u00e4ter. Auf der Wand ist dann ein farbiger Streifen oder Fleck zu sehen. Die einfachste und einzige Art dies zu verhindern ist, zwischen M\u00f6bel und Wand einen kleinen Abstand einzuhalten.<\/p>\n<\/div><\/div><\/div><\/section>\n<section class='av_toggle_section av-6p0on-d3b5a1a98937df44d68e69b4b26441c8'  itemscope=\"itemscope\" itemtype=\"https:\/\/schema.org\/CreativeWork\" ><div role=\"tablist\" class=\"single_toggle\" data-tags=\"{Alle} \"  ><p id='toggle-toggle-id-6' data-fake-id='#toggle-id-6' class='toggler  av-title-above '  itemprop=\"headline\"  role='tab' tabindex='0' aria-controls='toggle-id-6' data-slide-speed=\"200\" data-title=\"6. Sind Naturmerkmale mit Materialfehlern im Leder gleichzusetzen?\" data-title-open=\"\" data-aria_collapsed=\"Click to expand: 6. Sind Naturmerkmale mit Materialfehlern im Leder gleichzusetzen?\" data-aria_expanded=\"Click to collapse: 6. Sind Naturmerkmale mit Materialfehlern im Leder gleichzusetzen?\">6. Sind Naturmerkmale mit Materialfehlern im Leder gleichzusetzen?<span class=\"toggle_icon\"><span class=\"vert_icon\"><\/span><span class=\"hor_icon\"><\/span><\/span><\/p><div id='toggle-id-6' aria-labelledby='toggle-toggle-id-6' role='region' class='toggle_wrap  av-title-above'  ><div class='toggle_content invers-color '  itemprop=\"text\" ><p>Nein, Naturmerkmale sind keine Fehler, sondern nat\u00fcrliche Erscheinungsbilder auf der Lederoberfl\u00e4che. Sie haben ihren Ursprung in den Lebens- und Haltungsbedingungen sowie den k\u00f6rperlichen Besonderheiten der Tiere, aus deren H\u00e4uten das Leder hergestellt wird (bei Rindern z.B. Spuren von Rangk\u00e4mpfen auf der Weide, Narben von Stacheldrahtrissen oder Kratzern von Dornenb\u00fcschen, Insektenstiche oder -bisse, Absch\u00fcrfungen vom Anbindegeschirr im Stall, Nacken- oder Mastfalten). Der Gebrauchswert ist durch diese einfachen Naturmerkmale nicht herabgesetzt. Auch optische Effekte wie Farb- oder Strukturunterschiede, die aus den Naturmerkmalen resultieren, sind kein Reklamationsgrund. Im Gegenteil verleihen die Naturmerkmale jeder Haut eine wunderbar individuelle Note und machen sie und die Produkte, die aus ihnen gefertigt werden, zu Einzelst\u00fccken.<\/p>\n<p class=\"Link_im_Text_21\">Unter\u00a0<a class=\"nonblock\" href=\"http:\/\/www.naturmerkmale.de\/\" target=\"_blank\" rel=\"noopener\">www.naturmerkmale.de<\/a>\u00a0haben wir diesem Thema eine eigene Homepage gewidmet.<\/p>\n<\/div><\/div><\/div><\/section>\n<section class='av_toggle_section av-m7aj-eb0aaa142df5995b844e47cb6239011d'  itemscope=\"itemscope\" itemtype=\"https:\/\/schema.org\/CreativeWork\" ><div role=\"tablist\" class=\"single_toggle\" data-tags=\"{Alle} \"  ><p id='toggle-toggle-id-7' data-fake-id='#toggle-id-7' class='toggler  av-title-above '  itemprop=\"headline\"  role='tab' tabindex='0' aria-controls='toggle-id-7' data-slide-speed=\"200\" data-title=\"7. Welche Lederarten sind f\u00fcr Polsterm\u00f6bel besonders geeignet?\" data-title-open=\"\" data-aria_collapsed=\"Click to expand: 7. Welche Lederarten sind f\u00fcr Polsterm\u00f6bel besonders geeignet?\" data-aria_expanded=\"Click to collapse: 7. Welche Lederarten sind f\u00fcr Polsterm\u00f6bel besonders geeignet?\">7. Welche Lederarten sind f\u00fcr Polsterm\u00f6bel besonders geeignet?<span class=\"toggle_icon\"><span class=\"vert_icon\"><\/span><span class=\"hor_icon\"><\/span><\/span><\/p><div id='toggle-id-7' aria-labelledby='toggle-toggle-id-7' role='region' class='toggle_wrap  av-title-above'  ><div class='toggle_content invers-color '  itemprop=\"text\" ><div id=\"pu116922-4\" class=\"clearfix colelem\">\n<div id=\"u116922-4\" class=\"Text clearfix grpelem\" data-muse-uid=\"U116922\" data-muse-type=\"txt_frame\" data-ibe-flags=\"txtStyleSrc\">\n<p>Polsterm\u00f6bel sind relativ gro\u00dfr\u00e4umige Einrichtungsgegenst\u00e4nde. Pro M\u00f6belst\u00fcck werden mehrere Quadratmeter Leder verarbeitet (10-12 qm f\u00fcr ein Sofa). Eine so gro\u00dfe Oberfl\u00e4che geht einher mit entsprechend hohem Einfluss auf die Umgebung (den Wohnraum und den Menschen darin). Um das Wohlbefinden durch Polsterm\u00f6bel zu f\u00f6rdern und nicht zu beeintr\u00e4chtigen, sollten h\u00f6chste Qualit\u00e4tsanforderungen an Polsterleder gestellt werden. Die Raumluft steht im Austausch mit dem Leder. In der Luft vorhandene Feuchtigkeit wird vom verzweigten Geflecht der Lederfasern aufgenommen und bei trockner Raumluft wieder an diese abgegeben.<\/p>\n<\/div>\n<\/div>\n<div id=\"u117121-7\" class=\"Text clearfix colelem\" data-muse-uid=\"U117121\" data-muse-type=\"txt_frame\" data-ibe-flags=\"txtStyleSrc\">\n<p>Das Leder wirkt so ausgleichend auf das Raumklima. Auch im Kontakt mit dem menschlichen K\u00f6rper nimmt das Leder Feuchtigkeit auf. Ein unangenehmer Feuchtigkeitsstau zwischen Leder und K\u00f6rperoberfl\u00e4che bei l\u00e4ngerem Sitzen wird verhindert. Voraussetzung f\u00fcr diese angenehme Eigenschaft des Leders ist es, dass die Lederoberfl\u00e4che naturbelassen ist. Das hei\u00dft die Poren der Lederhaut sind nicht mit einer Pigmentierungsschicht verschlossen (pigmentierte Leder). Die Pigmentierung des Leders macht dieses zwar pflegeleichter, schr\u00e4nkt jedoch seine Atmungsf\u00e4higkeit betr\u00e4chtlich ein. Beim Kontakt zwischen Leder und umgebendem Raum kann ein Leder auch unerw\u00fcnschte Stoffe an die Luft abgeben (L\u00f6semittel, halogenorganische Verbindungen, etc.).<\/p>\n<p>Darum ist es f\u00fcr Polsterleder (und auch alle anderen Leder) wichtig, dass sie keine gesundheitsbedenklichen oder gef\u00e4hrlichen Stoffe an die Umwelt entlassen. Auch bei der Entsorgung der Leder nach ihrer Nutzung sollten keine sch\u00e4dlichen Stoffe entstehen. Naturbelassenes, pflanzlich gegerbtes Leder erf\u00fcllt die Anforderungen an Polsterleder, die das Wohnen angenehm machen, in bester Weise. Unser Tip: Fragen Sie beim M\u00f6belkauf im Fachgesch\u00e4ft nach Gerbart und Herkunft der verwendeten Leder. Die Naturbelassenheit des Leders l\u00e4sst sich testen, indem die Lederoberfl\u00e4che an einer versteckten Stelle mit etwas Speichel oder Wasser benetzt wird. Zieht die Feuchtigkeit in das Leder ein, so handelt es sich um naturbelassenes Leder.<\/p>\n<\/div>\n<\/div><\/div><\/div><\/section>\n<section class='av_toggle_section av-5jg2v-1d8b5f7208c36f80f3919b126aa04e9e'  itemscope=\"itemscope\" itemtype=\"https:\/\/schema.org\/CreativeWork\" ><div role=\"tablist\" class=\"single_toggle\" data-tags=\"{Alle} \"  ><p id='toggle-toggle-id-8' data-fake-id='#toggle-id-8' class='toggler  av-title-above '  itemprop=\"headline\"  role='tab' tabindex='0' aria-controls='toggle-id-8' data-slide-speed=\"200\" data-title=\"8. Wie sind die Abriebwerte von naturbelassenem, pflanzlich gegerbtem Leder?\" data-title-open=\"\" data-aria_collapsed=\"Click to expand: 8. Wie sind die Abriebwerte von naturbelassenem, pflanzlich gegerbtem Leder?\" data-aria_expanded=\"Click to collapse: 8. Wie sind die Abriebwerte von naturbelassenem, pflanzlich gegerbtem Leder?\">8. Wie sind die Abriebwerte von naturbelassenem, pflanzlich gegerbtem Leder?<span class=\"toggle_icon\"><span class=\"vert_icon\"><\/span><span class=\"hor_icon\"><\/span><\/span><\/p><div id='toggle-id-8' aria-labelledby='toggle-toggle-id-8' role='region' class='toggle_wrap  av-title-above'  ><div class='toggle_content invers-color '  itemprop=\"text\" ><div id=\"pu116925-4\" class=\"clearfix colelem\">\n<div id=\"u116925-4\" class=\"Text clearfix grpelem\" data-muse-uid=\"U116925\" data-muse-type=\"txt_frame\" data-ibe-flags=\"txtStyleSrc\">\n<p>Die Vorstellungen und Erwartungen der meisten Verbraucher bez\u00fcglich Leder und seiner Eigenschaften, insbesondere seine die Ver\u00e4nderungen infolge von Lichteinfluss und den Farbabrieb betrifft, sind gepr\u00e4gt von solchen Ledern, die heute \u00fcberwiegend verkauft werden. Das sind z.B. sogenannte Seminanilin-Leder: chromgegerbte, mit Polyurethan und Acrylaten bespr\u00fchte H\u00e4ute (Zurichtung), die als pflegeleicht bezeichnet werden. Ihre Oberfl\u00e4chen ist versiegelt, ihre Atmungsaktivit\u00e4t ist soweit reduziert, dass sie im Winter kalt sind und im Sommer schwitzen. Beides Eigenschaften, die der Verbraucher in der Regel nicht w\u00fcnscht. Man findet sie nicht nur auf Polsterm\u00f6beln, bei Taschen und Bekleidung, sondern sogar in Luxus-Wagen, wo die stark zugerichteten Leder als \u201eedle\u201c Lederausstattung bezeichnet werden. Die ungef\u00e4rbten Leder, die ihre Farbe vom Gerbstoffe erhielten, weisen hervorragende Lichtbest\u00e4ndigkeit (au\u00dfer Naturfarbe 369 dunkelt nach) und Farbabriebwerte auf. Sie entsprechen den zwischen den Gerbereien und den Lederverarbeitern festgelegten Normen.<\/p>\n<\/div>\n<\/div>\n<div id=\"u117184-7\" class=\"Text clearfix colelem\" data-muse-uid=\"U117184\" data-muse-type=\"txt_frame\" data-ibe-flags=\"txtStyleSrc\">\n<p>Um Farbt\u00f6ne in der gew\u00fcnschter Lichtechtheit (Stufe 3) zu erhalten, muss das Leder mit Farbstoff intensiv durchgef\u00e4rbt werden. Besonders in der oberen feinen Narbenschicht (Nappaleder) sammelt sich der meiste Farbstoff an. Dadurch erh\u00e4lt das Leder eine leichte Zweifarbigkeit, da jede Hautzone innerhalb einer Haut den Farbstoff anders annimmt. Das bedeutet je nach Farbleuchtkraft auch einen dementsprechenden Abrieb. Zweifarbigkeit und Abrieb sind warentypisch f\u00fcr naturbelassenes Leder. Durch Fassimpr\u00e4gnierung lassen sich Abrieb und Fleckempfindlichkeit leicht verbessern. Jedoch ver\u00e4ndert sich jedes Naturleder durch Licht, Zeit und Ber\u00fchrung und erh\u00e4lt so eine faszinierende Patina. Diese Patina macht f\u00fcr Kenner erst echtes Leder aus.<\/p>\n<p>Gef\u00e4rbte Ecopell-Leder (besonders schwarz und feuerrot, sowie alle Nubukleder) erreichen wegen ihrer v\u00f6llig offenen Oberfl\u00e4che und wegen des Verzichtes auf die Unterst\u00fctzung durch harte Chemie (wie Chrom) die Werte beim Nassabrieb mit Wasser und vor allem mit Schwei\u00dfl\u00f6sung kaum. F\u00fcr die Farbe schwarz gibt es extra niedrige Abriebwerte, die zwischen den M\u00f6belverb\u00e4nden und der Lederindustrie vereinbart wurden. Eventuelle Abriebpartikel an Kleidungsst\u00fccken sind aber leicht zu entfernen. Sie verschwinden nach dem Waschen mit sanften Waschmitteln.ECHTES LEDER, das nicht mit Kunststoff beschichtet ist, weist neben seinen wundervollen Qualit\u00e4ten auch die oben beschriebenen Eigenschaften auf. Sie sind warentypisch und k\u00f6nnen NICHT ALS BEANSTANDUNG GEWERTET WERDEN. Anderenfalls m\u00fcssten wir auf die einmalige Sch\u00f6nheit von Ecopell-Leder verzichten.<\/p>\n<\/div>\n<\/div><\/div><\/div><\/section>\n<section class='av_toggle_section av-5crhr-ced10bbb7784d9373ad8ea9635d1326a'  itemscope=\"itemscope\" itemtype=\"https:\/\/schema.org\/CreativeWork\" ><div role=\"tablist\" class=\"single_toggle\" data-tags=\"{Alle} \"  ><p id='toggle-toggle-id-9' data-fake-id='#toggle-id-9' class='toggler  av-title-above '  itemprop=\"headline\"  role='tab' tabindex='0' aria-controls='toggle-id-9' data-slide-speed=\"200\" data-title=\"9. Was sind Naturmerkmale und Farbschwankungen bei naturbelassenem Leder?\" data-title-open=\"\" data-aria_collapsed=\"Click to expand: 9. Was sind Naturmerkmale und Farbschwankungen bei naturbelassenem Leder?\" data-aria_expanded=\"Click to collapse: 9. Was sind Naturmerkmale und Farbschwankungen bei naturbelassenem Leder?\">9. Was sind Naturmerkmale und Farbschwankungen bei naturbelassenem Leder?<span class=\"toggle_icon\"><span class=\"vert_icon\"><\/span><span class=\"hor_icon\"><\/span><\/span><\/p><div id='toggle-id-9' aria-labelledby='toggle-toggle-id-9' role='region' class='toggle_wrap  av-title-above'  ><div class='toggle_content invers-color '  itemprop=\"text\" ><div id=\"u116928-15\" class=\"clearfix grpelem\" data-muse-uid=\"U116928\" data-muse-type=\"txt_frame\" data-ibe-flags=\"txtStyleSrc\">\n<p class=\"Text\">Die Verbraucherschutzzeitschrift Stiftung Warentest beschreibt hochwertiges Leder im Ratgeber M\u00f6belkauf, wie z.B. naturbelassenes Ecopell: \u201eHochwertiges Leder ist so gef\u00e4rbt, dass sich die Farbe um jede einzelne Faser legt und alle nat\u00fcrlichen Merkmale sichtbar l\u00e4sst.<\/p>\n<p class=\"Text\">Vor allem bei gro\u00dffl\u00e4chigen M\u00f6belst\u00fccken k\u00f6nnen Sie ganze Rinderleben verfolgen:<\/p>\n<ul id=\"u116928-12\" class=\"list0 nls-None\">\n<li class=\"Aufz-hlung\">Rangk\u00e4mpfe<\/li>\n<li class=\"Aufz-hlung\">Parasiten<\/li>\n<li class=\"Aufz-hlung\">Stall- und Weideverletzungen<\/li>\n<li class=\"Aufz-hlung\">Dornen- und Heckenrisse<\/li>\n<li class=\"Aufz-hlung\">Brandzeichen (Importleder) und Mastfalten k\u00f6nnen zu sehen sein<\/li>\n<li class=\"Aufz-hlung\">Bei der F\u00e4rbung nimmt jede Hautzone nur soviel Farbstoff auf, wie die Faserstruktur zul\u00e4sst.<\/li>\n<\/ul>\n<p>Somit ergeben sich nat\u00fcrliche Farbschwankungen selbst innerhalb einer Haut.<\/p>\n<\/div>\n<div id=\"u117219-15\" class=\"clearfix grpelem\" data-muse-uid=\"U117219\" data-muse-type=\"txt_frame\" data-ibe-flags=\"txtStyleSrc\">\n<ul id=\"u117219-10\" class=\"list0 nls-None\"><\/ul>\n<p class=\"Text\">Diese Lebensmerkmale des Leders spiegeln eindrucksvoll die Einzigartigkeit jeder Haut wieder und erh\u00f6hen die Individualit\u00e4t der daraus gefertigten Produkte. Sie mindern nicht die Gebrauchsqualit\u00e4t des Leders.<\/p>\n<\/div>\n<\/div><\/div><\/div><\/section>\n<section class='av_toggle_section av-4igzf-4145976bd7ace721e8a877b04e2ce07f'  itemscope=\"itemscope\" itemtype=\"https:\/\/schema.org\/CreativeWork\" ><div role=\"tablist\" class=\"single_toggle\" data-tags=\"{Alle} \"  ><p id='toggle-toggle-id-10' data-fake-id='#toggle-id-10' class='toggler  av-title-above '  itemprop=\"headline\"  role='tab' tabindex='0' aria-controls='toggle-id-10' data-slide-speed=\"200\" data-title=\"10. Was sollte man bei Ecopell-Intensivfarbt\u00f6nen beachten?\" data-title-open=\"\" data-aria_collapsed=\"Click to expand: 10. Was sollte man bei Ecopell-Intensivfarbt\u00f6nen beachten?\" data-aria_expanded=\"Click to collapse: 10. Was sollte man bei Ecopell-Intensivfarbt\u00f6nen beachten?\">10. Was sollte man bei Ecopell-Intensivfarbt\u00f6nen beachten?<span class=\"toggle_icon\"><span class=\"vert_icon\"><\/span><span class=\"hor_icon\"><\/span><\/span><\/p><div id='toggle-id-10' aria-labelledby='toggle-toggle-id-10' role='region' class='toggle_wrap  av-title-above'  ><div class='toggle_content invers-color '  itemprop=\"text\" ><div id=\"pu117222\" class=\"clearfix colelem\">\n<div id=\"u116931-4\" class=\"Text clearfix grpelem\" data-muse-uid=\"U116931\" data-muse-type=\"txt_frame\" data-ibe-flags=\"txtStyleSrc\">\n<p>Pflanzlich, mit Tara \u2013 Gerbstoff gegerbt, chromfrei und naturbelassen, schmeichelt das sehr weiche Ecopell-Leder den F\u00fc\u00dfen vieler Verbraucher. Die Farbstoffe sind synthetisch und schwermetallfrei. Hervorzuheben ist die besondere Hautvertr\u00e4glichkeit von Ecopell. Zu beachten ist: Bei weniger intensiver F\u00e4rbung w\u00e4re der Farbabrieb deutlich geringer. Doch w\u00e4ren die Farbt\u00f6ne f\u00fcr viele Konsumenten dann auch weniger attraktiv. Als Alternativen, die sehr geringen Farbabrieb zeigt, empfehlen wir die Ecopell-Naturfarbt\u00f6ne wie Belugaweiss 360, Tara 361, Valonea 363 oder Bahamas sand 369. Um den W\u00fcnschen nach farbigen Schuhen<\/p>\n<\/div>\n<\/div>\n<div id=\"u117232-4\" class=\"Text clearfix colelem\" data-muse-uid=\"U117232\" data-muse-type=\"txt_frame\" data-ibe-flags=\"txtStyleSrc\">\n<p>nachzukommen, k\u00f6nnen farbige Applikationen auf den Naturlederschuhen angebracht werden. Ein pflanzlich gegerbtes, naturbelassenes Leder ohne jeden Abrieb und mit h\u00f6chster Lichtechtheit k\u00e4me der ber\u00fchmten eierlegenden Wollmilchsau gleich. Mit harter Chemie w\u00e4ren Abrieb und Farbver\u00e4nderung zu beseitigen. Doch wer verantwortet dies gegen\u00fcber der Natur und der menschlichen Gesundheit? Wir wollen das nicht.<\/p>\n<\/div>\n<\/div><\/div><\/div><\/section>\n<section class='av_toggle_section av-41mqf-610ff03ac5a7553f50dc5e0fda78c280'  itemscope=\"itemscope\" itemtype=\"https:\/\/schema.org\/CreativeWork\" ><div role=\"tablist\" class=\"single_toggle\" data-tags=\"{Alle} \"  ><p id='toggle-toggle-id-11' data-fake-id='#toggle-id-11' class='toggler  av-title-above '  itemprop=\"headline\"  role='tab' tabindex='0' aria-controls='toggle-id-11' data-slide-speed=\"200\" data-title=\"11. Wie verh\u00e4lt es sich mit Farbabrieb, Lichtechtheit und Speicheleinwirkung bei gef\u00e4rbtem Ecopell-Leder?\" data-title-open=\"\" data-aria_collapsed=\"Click to expand: 11. Wie verh\u00e4lt es sich mit Farbabrieb, Lichtechtheit und Speicheleinwirkung bei gef\u00e4rbtem Ecopell-Leder?\" data-aria_expanded=\"Click to collapse: 11. Wie verh\u00e4lt es sich mit Farbabrieb, Lichtechtheit und Speicheleinwirkung bei gef\u00e4rbtem Ecopell-Leder?\">11. Wie verh\u00e4lt es sich mit Farbabrieb, Lichtechtheit und Speicheleinwirkung bei gef\u00e4rbtem Ecopell-Leder?<span class=\"toggle_icon\"><span class=\"vert_icon\"><\/span><span class=\"hor_icon\"><\/span><\/span><\/p><div id='toggle-id-11' aria-labelledby='toggle-toggle-id-11' role='region' class='toggle_wrap  av-title-above'  ><div class='toggle_content invers-color '  itemprop=\"text\" ><div id=\"u116934-4\" class=\"Text clearfix grpelem\" data-muse-uid=\"U116934\" data-muse-type=\"txt_frame\" data-ibe-flags=\"txtStyleSrc\">\n<p>Helle Pastellt\u00f6nen aus der Ecopell-Kollektion erreichen eine Lichtechtheit (LE) von +\/ \u2013 2. Das hei\u00dft, dass sich die Farben durch Licht und Zeit etwas schneller als \u00fcblich ver\u00e4ndern. Bei Babyschuhen + Schuhen liegt es im Toleranzbereich. Pastellt\u00f6ne haben i.d.R. eine LE von + \/- 2. Die Lichtechtheit von Intensivfarbt\u00f6nen liegt i.d.R. Bei +\/ \u2013 3 (auf einer Skala von 1-6 im Blauma\u00dfstab).Intensivfarbt\u00f6ne zeigen einen deutlich h\u00f6heren Farbabrieb. Die R\u00fcckseite (Fleisch- oder Velourseite genannt) unterliegt einem deutlich h\u00f6heren Abrieb als die Nappaseite. Die Fasern der Velourseite weisen eine gr\u00f6\u00dfere und rauere Abrieboberfl\u00e4che auf und verursachen aus diesem Grund den h\u00f6heren Abrieb. Bei Stra\u00dfenschuhen wird deshalb beispielsweise ein<\/p>\n<\/div>\n<div id=\"u117242-27\" class=\"clearfix grpelem\" data-muse-uid=\"U117242\" data-muse-type=\"txt_frame\" data-ibe-flags=\"txtStyleSrc\">\n<p class=\"Text\">Innenfutterleder verwendet, damit der Tr\u00e4ger keine farbigen Str\u00fcmpfe bekommt.Die Farbstoffe sind speichell\u00f6slich. Besonders bei Produkten f\u00fcr Babys ist das wichtig zu wissen. Das bedeutet, der Farbstoff kann durch Speichel gel\u00f6st werden, auf die Haut gelangen und eindringen. Es ist beruhigend, dass es sich um die umweltvertr\u00e4glichsten, synthetischen Farbstoffe handelt, die es derzeit gibt. In der Regel sind Abriebflecken auf Textilien weitgehend auswaschbar. Nur Ecopell 360 belugaweiss ist eine chromfreie synthetische Gerbung, speichelecht und sehr abriebarm. Diese Gerbverfahren ist auf andere Ecopell-Farbt\u00f6ne nicht anwendbar.<\/p>\n<p class=\"Text\">Lichtechtheiten im Vergleich:<\/p>\n<ul id=\"u117242-12\" class=\"list0 nls-None\">\n<li class=\"Aufz-hlung\">Stufe 1: schnelle Ver\u00e4nderung des Farbtons innerhalb von Tagen.*<\/li>\n<li class=\"Aufz-hlung\">Stufe 3: langsamere Ver\u00e4nderung innerhalb von mehreren Monaten.*<\/li>\n<li class=\"Aufz-hlung\">Stufe 6: ganz langsame Ver\u00e4nderung des Farbtons innerhalb von ca. 2 Jahren.*<\/li>\n<\/ul>\n<p class=\"Text\">* Durch h\u00e4ufige Lichteinwirkung<\/p>\n<p class=\"Text\">LE \u2013 Werte f\u00fcr:<\/p>\n<ul id=\"u117242-22\" class=\"list0 nls-None\">\n<li class=\"Aufz-hlung\">Schuhleder naturbelassen i.d.R.: LE 2-3<\/li>\n<li class=\"Aufz-hlung\">M\u00f6belleder naturbelassen: LE 3<\/li>\n<\/ul>\n<p class=\"Text\">In der Regel gilt: Dunkle Farbt\u00f6ne haben eine h\u00f6here Lichtechtheit als heller gef\u00e4rbte Leder. Alle Ecopell-Leder werden nach ISO 9001 produziert, d.h. jede eingearbeitete Charge wird u.a. auf seine Lichtechtheit und Abriebwerte gepr\u00fcft. Die Lichtechtheits- und Abriebwerte finden Sie auf den f\u00fcr jeden Farbton hinterlegten Datenbl\u00e4ttern. Das gew\u00fcnschte Datenblatt \u00f6ffnet sich, wenn Sie auf die Artikelbezeichnung unter dem abgebildeten Ledermuster klicken.<\/p>\n<\/div>\n<\/div><\/div><\/div><\/section>\n<section class='av_toggle_section av-3heez-061a77246e06b6fb84fb340268e9bdd4'  itemscope=\"itemscope\" itemtype=\"https:\/\/schema.org\/CreativeWork\" ><div role=\"tablist\" class=\"single_toggle\" data-tags=\"{Alle} \"  ><p id='toggle-toggle-id-12' data-fake-id='#toggle-id-12' class='toggler  av-title-above '  itemprop=\"headline\"  role='tab' tabindex='0' aria-controls='toggle-id-12' data-slide-speed=\"200\" data-title=\"12. Was versteht man unter \u201e\u00f6kologisch vertr\u00e4glicher Mineralgerbung\u201c?\" data-title-open=\"\" data-aria_collapsed=\"Click to expand: 12. Was versteht man unter \u201e\u00f6kologisch vertr\u00e4glicher Mineralgerbung\u201c?\" data-aria_expanded=\"Click to collapse: 12. Was versteht man unter \u201e\u00f6kologisch vertr\u00e4glicher Mineralgerbung\u201c?\">12. Was versteht man unter \u201e\u00f6kologisch vertr\u00e4glicher Mineralgerbung\u201c?<span class=\"toggle_icon\"><span class=\"vert_icon\"><\/span><span class=\"hor_icon\"><\/span><\/span><\/p><div id='toggle-id-12' aria-labelledby='toggle-toggle-id-12' role='region' class='toggle_wrap  av-title-above'  ><div class='toggle_content invers-color '  itemprop=\"text\" ><div id=\"u116937-7\" class=\"Text clearfix grpelem\" data-muse-uid=\"U116937\" data-muse-type=\"txt_frame\" data-ibe-flags=\"txtStyleSrc\">\n<p>Das Wort Mineralgerbung ist ein Sammelbegriff f\u00fcr Gerbverfahren, die mineralische \u2013 im Gegensatz zu pflanzlichen \u2013 Gerbstoffe einsetzen. Es sind verschiedene Salze bekannt, die gerbende Wirkung aufweisen. Jedoch haben sich nur wenige bis zur heutigen Zeit durchsetzen k\u00f6nnen.<\/p>\n<p>Zu den heute noch verwendeten mineralischen Gerbstoffen z\u00e4hlen Alaun (Aluminiumsulfat und Natrium- oder Kaliumsulfat), Zirkoniumsalze (komplexe Aluminiumverbindungen), Titansalze und Chromsalze. Die Alaun- oder Wei\u00dfgerbung kommt nur noch selten f\u00fcr bestimmte Lederarten zum Einsatz.<\/p>\n<\/div>\n<div id=\"u117255-10\" class=\"Text clearfix grpelem\" data-muse-uid=\"U117255\" data-muse-type=\"txt_frame\" data-ibe-flags=\"txtStyleSrc\">\n<p>Auch die Zirkongerbung macht nur einen geringen Anteil an den mineralisch gegerbten Ledern weltweit aus. Sowohl Alaun als auch Zirkongerbung werden nur bei sehr feinen Ledern angewendet, vor allem bei der Verarbeitung von Ziegen-, Schaf- oder Kalbfellen. Der weit \u00fcberwiegende Teil der mineralisch gegerbten Leder wird mit Chromsalzen gegerbt (80-90 % der gesamten Weltproduktion einschlie\u00dflich pflanzlich gegerbtem Leder). Von den zwei Varianten des Schwermetalls Chrom weist wirkt nur das dreiwertige Chrom (Chrom-III) gerbend. Jedoch findet man das sechswertige Chrom (Chrom-VI), das giftig und krebserregend ist, als Verunreinigung vor allem in nicht fachgerecht produziertem Chromleder. Chrom-III kann bei empfindlichen Personen (dazu z\u00e4hlen Kinder, kranke und alte Menschen) Allergien ausl\u00f6sen. Unter bestimmten Bedingungen wandelt es sich in Chrom-VI um und wird damit gef\u00e4hrlich f\u00fcr Mensch und Umwelt. Diese Bedingungen k\u00f6nnen im Boden, bei der Verbrennung und am menschlichen K\u00f6rper durch den Einfluss von Schwei\u00df auftreten. Bedenklich ist es, wenn (minderwertiges) Chromleder direkt auf der Haut getragen wird. Doch auch bei der Entsorgung von ausgedienten Lederprodukten, von Lederabf\u00e4llen und von Gerbereiabw\u00e4ssern kann Chrom Probleme verursachen und die Umwelt sch\u00e4digen.<\/p>\n<p class=\"Link_im_Text_21\">Da Hersteller mit dem Begriff Mineralgerbung meist nur eine Umschreibung von Chromgerbung geben, ist Vorsicht geboten. Chromgerbung ist weder \u201e\u00f6kologisch vertr\u00e4glich\u201c noch per se gesundheitlich unbedenklich. Mehr Fakten \u00fcber den Ledergerbstoff Chrom und seine Wirkungen auf Umwelt und Menschen finden Sie in unserer \u201e<a class=\"nonblock\" href=\"https:\/\/www.ecopell.de\/?page_id=174\" data-href=\"page:U745\">Chromleder Fakten<\/a>\u201c.<\/p>\n<\/div>\n<\/div><\/div><\/div><\/section>\n<section class='av_toggle_section av-2g4lf-f30db5cb6427d4e071c6a55c725d8406'  itemscope=\"itemscope\" itemtype=\"https:\/\/schema.org\/CreativeWork\" ><div role=\"tablist\" class=\"single_toggle\" data-tags=\"{Alle} \"  ><p id='toggle-toggle-id-13' data-fake-id='#toggle-id-13' class='toggler  av-title-above '  itemprop=\"headline\"  role='tab' tabindex='0' aria-controls='toggle-id-13' data-slide-speed=\"200\" data-title=\"13. Was ist von Aussagen wie \u201ePCP-frei\u201c oder \u201eOhne giftige Azo-Farbstoffe\u201c in der Lederwerbung zu halten?\" data-title-open=\"\" data-aria_collapsed=\"Click to expand: 13. Was ist von Aussagen wie \u201ePCP-frei\u201c oder \u201eOhne giftige Azo-Farbstoffe\u201c in der Lederwerbung zu halten?\" data-aria_expanded=\"Click to collapse: 13. Was ist von Aussagen wie \u201ePCP-frei\u201c oder \u201eOhne giftige Azo-Farbstoffe\u201c in der Lederwerbung zu halten?\">13. Was ist von Aussagen wie \u201ePCP-frei\u201c oder \u201eOhne giftige Azo-Farbstoffe\u201c in der Lederwerbung zu halten?<span class=\"toggle_icon\"><span class=\"vert_icon\"><\/span><span class=\"hor_icon\"><\/span><\/span><\/p><div id='toggle-id-13' aria-labelledby='toggle-toggle-id-13' role='region' class='toggle_wrap  av-title-above'  ><div class='toggle_content invers-color '  itemprop=\"text\" ><div id=\"u116940-7\" class=\"Text clearfix grpelem\" data-muse-uid=\"U116940\" data-muse-type=\"txt_frame\" data-ibe-flags=\"txtStyleSrc\">\n<p>Die Werbung mit der Tatsache, dass in Lederprodukten keine verbotenen Schadstoffe enthalten sind, wie z.B. PCP, aminabspaltende Azofarbstoffe oder bestimmte Biozide, ist verboten. Das Gesetz gegen den unlauteren Wettbewerb (UWG) untersagt Werbung mit Selbst-verst\u00e4ndlichkeiten (Irref\u00fchrungsverbot (\u00a7 5 UWG).<\/p>\n<p>VerbraucherInnen k\u00f6nnten durch solche Werbung f\u00e4lschlich annehmen, dass sich das Produkt gegen\u00fcber konkurrierenden Produkten qualitativ abhebt. Da die Einhaltung gesetzlicher Bestimmungen bei der Herstellung von Leder und Lederprodukten keine Besonderheit, sondern im Gegenteil die Nichteinhaltung von Grenzwerten oder Anwendungsverboten strafbar ist, sollten VerbraucherInnen bei derartigen Werbeaussagen vorsichtig sein.<\/p>\n<\/div>\n<div id=\"u117265-7\" class=\"Text clearfix grpelem\" data-muse-uid=\"U117265\" data-muse-type=\"txt_frame\" data-ibe-flags=\"txtStyleSrc\">\n<p>Die Annahme liegt nahe, dass mithilfe einer Werbung mit Selbstverst\u00e4ndlichkeiten von anderen problematischen Stoffen abgelenkt werden soll, die im Leder enthalten und (noch) gesetzlich zugelassen sind. Hierzu geh\u00f6ren Chromgerbstoffe ebenso wie schwermetallhaltige Farbstoffe oder krebserregende Kohlenwasserstoffverbindungen in der Oberfl\u00e4chenbeschichtung von Ledern.<\/p>\n<\/div>\n<\/div><\/div><\/div><\/section>\n<section class='av_toggle_section av-23og3-244d6db610afca3d15d4893b75ce192c'  itemscope=\"itemscope\" itemtype=\"https:\/\/schema.org\/CreativeWork\" ><div role=\"tablist\" class=\"single_toggle\" data-tags=\"{Alle} \"  ><p id='toggle-toggle-id-14' data-fake-id='#toggle-id-14' class='toggler  av-title-above '  itemprop=\"headline\"  role='tab' tabindex='0' aria-controls='toggle-id-14' data-slide-speed=\"200\" data-title=\"14. Wie werden Leder unempfindlich gegen Flecken und andere Gebrauchseinfl\u00fcsse gemacht?\" data-title-open=\"\" data-aria_collapsed=\"Click to expand: 14. Wie werden Leder unempfindlich gegen Flecken und andere Gebrauchseinfl\u00fcsse gemacht?\" data-aria_expanded=\"Click to collapse: 14. Wie werden Leder unempfindlich gegen Flecken und andere Gebrauchseinfl\u00fcsse gemacht?\">14. Wie werden Leder unempfindlich gegen Flecken und andere Gebrauchseinfl\u00fcsse gemacht?<span class=\"toggle_icon\"><span class=\"vert_icon\"><\/span><span class=\"hor_icon\"><\/span><\/span><\/p><div id='toggle-id-14' aria-labelledby='toggle-toggle-id-14' role='region' class='toggle_wrap  av-title-above'  ><div class='toggle_content invers-color '  itemprop=\"text\" ><div id=\"u116943-7\" class=\"Text clearfix grpelem\" data-muse-uid=\"U116943\" data-muse-type=\"txt_frame\" data-ibe-flags=\"txtStyleSrc\">\n<p>Mit nat\u00fcrlichen Mitteln hergestelltes Leder weist \u2013 \u00e4hnlich wie hochwertige Naturtextilien \u2013 nur einen geringen Schutz vor Flecken, Lichteinfluss oder Kratzern auf. Seine Oberfl\u00e4che ist durch eine Vielzahl kleinster Poren atmungsaktiv. Das Leder verf\u00fcgt \u00fcber einen guten Feuchtigkeitsaustausch und f\u00fchlt sich immer angenehm temperiert an.<\/p>\n<p>Durch die Beschichtung der Oberfl\u00e4che mit einer d\u00fcnnen Kunststoffauflage (Zurichtung) werden die Poren verschlossen und das Leder nimmt dort keine Feuchtigkeit mehr auf. Auf diese Weise werden auch Naturmerkmale \u00fcberdeckt. Die Lederoberfl\u00e4che erh\u00e4lt eine makellos wirkende Optik und ist gegen Flecken gesch\u00fctzt. Die Beimengung von Pigmenten (Farbstoffen) in die Beschichtung verhindert au\u00dferdem das Ausbleichen oder Nachdunkeln des Leders. Durch die Zurichtung verliert das Leder jedoch seine F\u00e4higkeit zum Luft- und Feuchtigkeitsaustausch. Die Folge ist z.B. bei beschichteten Lederschuhen ein erh\u00f6htes Schwitzen der F\u00fc\u00dfe. Bei Lederpolstern f\u00fchlt sich die Lederoberfl\u00e4che in den ersten Momenten der Ber\u00fchrung unangenehm kalt an, wohingegen sich bei W\u00e4rme Schwitzwasser zwischen K\u00f6rper und Leder sammelt.<\/p>\n<\/div>\n<div id=\"u117300-7\" class=\"Text clearfix grpelem\" data-muse-uid=\"U117300\" data-muse-type=\"txt_frame\" data-ibe-flags=\"txtStyleSrc\">\n<p>Neben dem Verlust an Gebrauchskomfort geht die Zurichtung von Leder einher mit gesundheitliche Risiken durch den Einsatz von problematischen Substanzen. H\u00e4ufig eingesetzte Stoffe sind Polyurethan, Acrylate und Butadien. Alle sind als gesundheitsgef\u00e4hrdend bekannt. Dar\u00fcber hinaus rufen diese chemischen Substanzen in Kl\u00e4ranlagen Probleme bei der Abwasserreinigung hervor und schaden der Umwelt.<\/p>\n<\/div>\n<\/div><\/div><\/div><\/section>\n<section class='av_toggle_section av-kl7-a3a6e9f168fd7c0105417944a85469d2'  itemscope=\"itemscope\" itemtype=\"https:\/\/schema.org\/CreativeWork\" ><div role=\"tablist\" class=\"single_toggle\" data-tags=\"{Alle} \"  ><p id='toggle-toggle-id-15' data-fake-id='#toggle-id-15' class='toggler  av-title-above '  itemprop=\"headline\"  role='tab' tabindex='0' aria-controls='toggle-id-15' data-slide-speed=\"200\" data-title=\"15. Warum werden f\u00fcr Ecopell nicht ausschlie\u00dflich H\u00e4ute aus artgerechter Haltung eingesetzt?\" data-title-open=\"\" data-aria_collapsed=\"Click to expand: 15. Warum werden f\u00fcr Ecopell nicht ausschlie\u00dflich H\u00e4ute aus artgerechter Haltung eingesetzt?\" data-aria_expanded=\"Click to collapse: 15. Warum werden f\u00fcr Ecopell nicht ausschlie\u00dflich H\u00e4ute aus artgerechter Haltung eingesetzt?\">15. Warum werden f\u00fcr Ecopell nicht ausschlie\u00dflich H\u00e4ute aus artgerechter Haltung eingesetzt?<span class=\"toggle_icon\"><span class=\"vert_icon\"><\/span><span class=\"hor_icon\"><\/span><\/span><\/p><div id='toggle-id-15' aria-labelledby='toggle-toggle-id-15' role='region' class='toggle_wrap  av-title-above'  ><div class='toggle_content invers-color '  itemprop=\"text\" ><div id=\"u116946-4\" class=\"Text clearfix grpelem\" data-muse-uid=\"U116946\" data-muse-type=\"txt_frame\" data-ibe-flags=\"txtStyleSrc\">\n<p>Ecopell hat ein gro\u00dfes Interesse an der Optimierung seiner Leder in Richtung \u00f6kologisch nachhaltiger Produktion. Dazu geh\u00f6rt auch der Einsatz von Rindsh\u00e4uten aus artgerechter, anerkannt \u00f6kologischer Haltung. Jedoch stehen dem vollst\u00e4ndigen Ersatz von konventionellen H\u00e4uten durch \u00f6kologisch erzeugte Tierh\u00e4ute u.a. noch logistische Probleme entgegen. Gleichwohl arbeitet Ecopell seit Ende 2011 mit einem gro\u00dfen Bioanbauverband zusammen, um gemeinsam Wege zu finden, diese Probleme aus dem Weg zu r\u00e4umen. Vielfach ist die Situation aber noch so, dass Biobauern pro Jahr nur wenige Tiere schlachten (lassen). Die Schlachth\u00f6fe verkaufen die anfallenden Rohh\u00e4ute an H\u00e4ndler.<\/p>\n<\/div>\n<div id=\"u117310-10\" class=\"Text clearfix grpelem\" data-muse-uid=\"U117310\" data-muse-type=\"txt_frame\" data-ibe-flags=\"txtStyleSrc\">\n<p>Um lohnende Mengen an Rohh\u00e4uten f\u00fcr die Belieferung an Gerbereien zusammen zu tragen, kaufen die H\u00e4ndler Rohh\u00e4ute von vielen Biobauern oder kleinen Schlachtern in einer Region und legen daf\u00fcr weite Fahrtstrecken zur\u00fcck. Bis jedoch eine entsprechende Menge gesammelt ist, m\u00fcssen die H\u00e4ute zwischengelagert werden. Damit sie nicht verderben, werden sie stark gesalzen. Das Salz bindet Feuchtigkeit und hindert F\u00e4ulnisbakterien, die Tierh\u00e4ute zu zersetzen.<\/p>\n<p>F\u00fcr jede Rohhaut, die in den Verkauf geht, muss der Schlachter zum Schutz der Verbraucher ein Veterin\u00e4rzeugnis erstellen lassen. Bei kleinen Schlachth\u00f6fen ist der Aufwand pro Haut viel h\u00f6her als bei gro\u00dfen Schlachtbetrieben, die Rinder aus gro\u00dfen Best\u00e4nden der konventionellen Tierhaltung schlachten. Dieser Aufwand schl\u00e4gt sich auf den Preis der H\u00e4ute nieder, der den Lederpreis mitbestimmt. Solange die H\u00e4ute so dezentral anfallen, stehen der \u00f6kologischen Tierhaltung h\u00f6here Umweltbelastungen durch Abgasen und Salzkonservierung gegen\u00fcber. Durch die Zusammenarbeit mit dem \u00d6ko-Anbauverband konnten wir den zus\u00e4tzlichen Logistikaufwand bei der Rohwarenbeschaffung eind\u00e4mmen ohne von unserem Anspruch, ausschlie\u00dflich Rindsh\u00e4ute einem Umkreis von 500 km um die Gerberei zu verarbeiten, abweichen zu m\u00fcssen. Doch noch ist das Ziel nicht erreicht, denn es traten unerwartete neue Probleme auf. Die H\u00e4ute aus \u00f6kologischer Tierhaltung zeigen zwar einerseits eine hervorragende Qualit\u00e4t bez\u00fcglich der Hautstruktur. Jedoch weisen die H\u00e4ute vergleichsweise viele Merkmale und Verletzungen auf. Das ist u. a. durch die Haltungsmethoden und spezielle Tierschutzregeln bedingt. Wenn die Tier ihre H\u00f6rner behalten, was aus tierethischer Sicht zu begr\u00fc\u00dfen ist, kommt es h\u00e4ufiger zu Verletzungen durch H\u00f6rnst\u00f6\u00dfe. Laufen die Tier mehr im Stall und im Freier herum, verletzen sie sich h\u00e4ufiger an Stacheldraht, Dornenhecken oder anderen scharfen oder spitzen Gegenst\u00e4nden. Auch Insektenstiche kommen bei Weidehaltung h\u00e4ufiger vor.<\/p>\n<p>Neben nach wie vor etwas h\u00f6heren Preisen stellt sich bei \u00d6koh\u00e4uten die Frage nach der Akzeptanz der Verbraucherinnen gegen\u00fcber Naturmerkmalen noch intensiver als bei H\u00e4uten aus konventioneller Haltung. Schon heute werden auch in gro\u00dfen Schlachth\u00f6fen \u201cBio-Rinder\u201c geschlachtet. Ihr Anteil betr\u00e4gt etwa + \u2013 5 %. Wenn sie nicht aussortiert werden, sind sie zusammen mit konventionellen H\u00e4uten Teil der normalen Tierh\u00e4utelieferung, aus denen Ecopell-Leder hergestellt werden. Grunds\u00e4tzlich unterst\u00fctzen wir eine \u00f6kologische bzw. artgerechte Tierhaltung uneingeschr\u00e4nkt. Deshalb arbeiten wir gemeinsam mit den Landwirten im Bio-Anbauverband daran, die noch vorhandenen Hemmnisse zu \u00fcberwinden. Unsere KundInnen k\u00f6nnen diese Entwicklung unterst\u00fctzen, indem sie auch beim Konsum von Rindfleisch auf eine artgerechte Haltung achten und so den Anteil der \u00f6kologischen Tierhaltung vergr\u00f6\u00dfern helfen.<\/p>\n<\/div>\n<\/div><\/div><\/div><\/section>\n<section class='av_toggle_section av-42o3-289d65cd2a865982f5fb7b33a58dc909'  itemscope=\"itemscope\" itemtype=\"https:\/\/schema.org\/CreativeWork\" ><div role=\"tablist\" class=\"single_toggle\" data-tags=\"{Alle} \"  ><p id='toggle-toggle-id-16' data-fake-id='#toggle-id-16' class='toggler  av-title-above '  itemprop=\"headline\"  role='tab' tabindex='0' aria-controls='toggle-id-16' data-slide-speed=\"200\" data-title=\"16. Wo kommen die Ecopell Leder her?\" data-title-open=\"\" data-aria_collapsed=\"Click to expand: 16. Wo kommen die Ecopell Leder her?\" data-aria_expanded=\"Click to collapse: 16. Wo kommen die Ecopell Leder her?\">16. Wo kommen die Ecopell Leder her?<span class=\"toggle_icon\"><span class=\"vert_icon\"><\/span><span class=\"hor_icon\"><\/span><\/span><\/p><div id='toggle-id-16' aria-labelledby='toggle-toggle-id-16' role='region' class='toggle_wrap  av-title-above'  ><div class='toggle_content invers-color '  itemprop=\"text\" ><div id=\"u116949-9\" class=\"Text clearfix grpelem\" data-muse-uid=\"U116949\" data-muse-type=\"txt_frame\" data-ibe-flags=\"txtStyleSrc\">\n<p>Ecopell ist ein Leder von h\u00f6chster Qualit\u00e4t. Unsere Kund\/innen erleben diese Qualit\u00e4t, sobald sie Ecopell in H\u00e4nden halten. Sie erfahren davon, weil wir in umfassender Weise \u00fcber das Produktionsverfahren und Inhaltsstoffe informieren und regelm\u00e4\u00dfig unser Leder durch unabh\u00e4ngige Labors \u00fcberpr\u00fcfen lassen.<\/p>\n<p>In vielen Bereichen k\u00f6nnen wir maximale Transparenz bieten, weil wir selbst f\u00fcr den Herstellungsprozess verantwortlich sind. In einigen Fragen sind wir auf die Angaben von Lieferanten angewiesen.<\/p>\n<p>Das ist zum Beispiel bei den Rohh\u00e4uten der Fall, die f\u00fcr die Gerbung von Ecopell eingesetzt werden. Wir bem\u00fchen uns im Rahmen des M\u00f6glichen, auch hier gute und nachgewiesene Qualit\u00e4t zu gew\u00e4hrleisten. Dabei st\u00fctzen wir uns auf mehrere Komponenten. F\u00fcr Ecopell werden ausschlie\u00dflich H\u00e4ute aus Deutschland eingesetzt.<\/p>\n<\/div>\n<div id=\"u117323-9\" class=\"Text clearfix grpelem\" data-muse-uid=\"U117323\" data-muse-type=\"txt_frame\" data-ibe-flags=\"txtStyleSrc\">\n<p>Wir kaufen sie in verschiedenen Schlachth\u00f6fen im Umkreis von max. 500 km um die Gerberei in Hof ein. In der Regel sind hierin auch etwa 5 Prozent Rindsh\u00e4ute von \u00f6kologisch wirtschaften Betrieben enthalten, die jedoch nicht gesondert erfasst werden. Die Rohware f\u00fcr unsere BIOKREIS-zertifizierten Leder stammt aus ganz Deutschland. Die Rinder von anerkannten Bioh\u00f6fen werden ebenfalls in BIOKREIS-zertifizierten Schlachth\u00f6fen geschlachtet. Durch ein modernes Logistiksystem kann der Schlachthof die Herkunft der H\u00e4ute garantieren. Nur so erf\u00fcllen sie die Kriterien f\u00fcr unser Leder mit BIOKREIS-Zertifikat.<\/p>\n<p>Noch ist bei Ecopell der Anteil der Bioh\u00e4ute an allen verarbeiteten Rohh\u00e4uten mit ca. 10 Prozent gering. Wir gehen davon aus, dass in den kommenden Jahren der Anteil der \u00f6kologisch wirtschaftenden H\u00f6fe steigen wird und damit auch die Menge der Rinder aus \u00f6kologischer Haltung. Ansonsten verweisen wir zus\u00e4tzlich auf Frage 15 &#8222;Warum werden f\u00fcr Ecopell nicht ausschlie\u00dflich H\u00e4ute aus artgerechter Haltung eingesetzt?&#8220;.<\/p>\n<\/div>\n<\/div><\/div><\/div><\/section>\n<\/div>\n","protected":false},"excerpt":{"rendered":"","protected":false},"author":1,"featured_media":0,"parent":0,"menu_order":0,"comment_status":"closed","ping_status":"closed","template":"","meta":{"footnotes":""},"class_list":["post-83","page","type-page","status-publish","hentry"],"jetpack_sharing_enabled":true,"_links":{"self":[{"href":"https:\/\/www.ecopell.de\/index.php?rest_route=\/wp\/v2\/pages\/83","targetHints":{"allow":["GET"]}}],"collection":[{"href":"https:\/\/www.ecopell.de\/index.php?rest_route=\/wp\/v2\/pages"}],"about":[{"href":"https:\/\/www.ecopell.de\/index.php?rest_route=\/wp\/v2\/types\/page"}],"author":[{"embeddable":true,"href":"https:\/\/www.ecopell.de\/index.php?rest_route=\/wp\/v2\/users\/1"}],"replies":[{"embeddable":true,"href":"https:\/\/www.ecopell.de\/index.php?rest_route=%2Fwp%2Fv2%2Fcomments&post=83"}],"version-history":[{"count":6,"href":"https:\/\/www.ecopell.de\/index.php?rest_route=\/wp\/v2\/pages\/83\/revisions"}],"predecessor-version":[{"id":2969,"href":"https:\/\/www.ecopell.de\/index.php?rest_route=\/wp\/v2\/pages\/83\/revisions\/2969"}],"wp:attachment":[{"href":"https:\/\/www.ecopell.de\/index.php?rest_route=%2Fwp%2Fv2%2Fmedia&parent=83"}],"curies":[{"name":"wp","href":"https:\/\/api.w.org\/{rel}","templated":true}]}}