{"id":184,"date":"2021-04-26T18:40:09","date_gmt":"2021-04-26T18:40:09","guid":{"rendered":"https:\/\/new.ecopell.de\/?page_id=184"},"modified":"2021-07-22T06:26:02","modified_gmt":"2021-07-22T06:26:02","slug":"datenschutz","status":"publish","type":"page","link":"https:\/\/www.ecopell.de\/?page_id=184","title":{"rendered":"DATENSCHUTZ"},"content":{"rendered":"\n<style type=\"text\/css\" data-created_by=\"avia_inline_auto\" id=\"style-css-av-l8uv4-e5fa8e9e918431e7a176852bafd1826b\">\n.flex_column.av-l8uv4-e5fa8e9e918431e7a176852bafd1826b{\nborder-radius:0px 0px 0px 0px;\npadding:0px 0px 0px 0px;\n}\n<\/style>\n<div  class='flex_column av-l8uv4-e5fa8e9e918431e7a176852bafd1826b av_one_full  avia-builder-el-0  el_before_av_one_full  avia-builder-el-first  first flex_column_div av-zero-column-padding  '     ><section  class='av_textblock_section av-kob3ipa5-b56fe91890fa84f7975e8a3426156b22 '   itemscope=\"itemscope\" itemtype=\"https:\/\/schema.org\/CreativeWork\" ><div class='avia_textblock'  itemprop=\"text\" ><h1>Datenschutzerkl\u00e4rung<\/h1>\n\n<style type=\"text\/css\" data-created_by=\"avia_inline_auto\" id=\"style-css-av-esay8-e0a09cf64003a45a49f7fc9e1871f616\">\n.av_font_icon.av-esay8-e0a09cf64003a45a49f7fc9e1871f616 .av-icon-char{\nfont-size:40px;\nline-height:40px;\n}\n<\/style>\n<span  class='av_font_icon av-esay8-e0a09cf64003a45a49f7fc9e1871f616 avia_animate_when_visible av-icon-style- avia-icon-pos-left avia-iconfont avia-font-entypo-fontello av-no-color avia-icon-animate'><span class='av-icon-char' data-av_icon='\ue819' data-av_iconfont='entypo-fontello' aria-hidden=\"true\" ><\/span><\/span>\n<\/div><\/section><\/div>\n\n<style type=\"text\/css\" data-created_by=\"avia_inline_auto\" id=\"style-css-av-6sx9s-e3d39b98fb7107a352f97012207f7d45\">\n.flex_column.av-6sx9s-e3d39b98fb7107a352f97012207f7d45{\nborder-radius:0px 0px 0px 0px;\npadding:0px 0px 0px 0px;\n}\n<\/style>\n<div  class='flex_column av-6sx9s-e3d39b98fb7107a352f97012207f7d45 av_one_full  avia-builder-el-3  el_after_av_one_full  avia-builder-el-last  first flex_column_div av-zero-column-padding  column-top-margin'     ><section  class='av_textblock_section av-kob3jitg-5b424a647a739a125b4f221b10f0b682 '   itemscope=\"itemscope\" itemtype=\"https:\/\/schema.org\/CreativeWork\" ><div class='avia_textblock'  itemprop=\"text\" ><p class=\"p3\">Verantwortlicher im Sinne der Datenschutzgesetze, insbesondere der EU-Datenschutzgrundverordnung (DSGVO), ist:<span class=\"Apple-converted-space\">\u00a0<\/span><\/p>\n<p class=\"p3\">Natalie Metz, Ecopell GmbH<span class=\"Apple-converted-space\">\u00a0<\/span><\/p>\n<h3 class=\"p4\">Ihre Betroffenenrechte<span class=\"Apple-converted-space\">\u00a0<\/span><\/h3>\n<p class=\"p3\">Unter den angegebenen Kontaktdaten unseres Datenschutzbeauftragten k\u00f6nnen Sie jederzeit folgende Rechte aus\u00fcben:<span class=\"Apple-converted-space\">\u00a0<\/span><\/p>\n<ul>\n<li class=\"p5\">Auskunft \u00fcber Ihre bei uns gespeicherten Daten und deren Verarbeitung (Art. 15 DSGVO),<span class=\"Apple-converted-space\">\u00a0<\/span><\/li>\n<li class=\"p5\">Berichtigung unrichtiger personenbezogener Daten (Art. 16 DSGVO),<span class=\"Apple-converted-space\">\u00a0<\/span><\/li>\n<li class=\"p6\">L\u00f6schung Ihrer bei uns gespeicherten Daten (Art. 17 DSGVO),<span class=\"Apple-converted-space\">\u00a0<\/span><\/li>\n<li class=\"p5\">Einschr\u00e4nkung der Datenverarbeitung, sofern wir Ihre Daten aufgrund gesetzlicher Pflichten noch nicht l\u00f6schen d\u00fcrfen (Art. 18 DSGVO),<span class=\"Apple-converted-space\">\u00a0<\/span><\/li>\n<li class=\"p5\">Widerspruch gegen die Verarbeitung Ihrer Daten bei uns (Art. 21 DSGVO) und<span class=\"Apple-converted-space\">\u00a0<\/span><\/li>\n<li class=\"p3\">Daten\u00fcbertragbarkeit, sofern Sie in die Datenverarbeitung eingewilligt haben oder einen Vertrag mit uns abgeschlossen haben (Art. 20 DSGVO).<span class=\"Apple-converted-space\">\u00a0<\/span><\/li>\n<\/ul>\n<p class=\"p3\">Sofern Sie uns eine Einwilligung erteilt haben, k\u00f6nnen Sie diese jederzeit mit Wirkung f\u00fcr die Zukunft widerrufen.<span class=\"Apple-converted-space\">\u00a0<\/span><\/p>\n<p class=\"p3\">Sie k\u00f6nnen sich jederzeit mit einer Beschwerde an eine Aufsichtsbeh\u00f6rde wenden, z. B. an die zust\u00e4ndige Aufsichtsbeh\u00f6rde des Bundeslands Ihres Wohnsitzes oder an die f\u00fcr uns als verantwortliche Stelle zust\u00e4ndige Beh\u00f6rde.<span class=\"Apple-converted-space\">\u00a0<\/span><\/p>\n<p class=\"p3\">Eine Liste der Aufsichtsbeh\u00f6rden (f\u00fcr den nicht\u00f6ffentlichen Bereich) mit Anschrift finden Sie unter: <span class=\"s3\">https:\/\/www.bfdi.bund.de\/DE\/Infothek\/Anschriften_Links\/anschriften_links-node.html<\/span>.<span class=\"Apple-converted-space\">\u00a0<\/span><\/p>\n<p class=\"p3\">Im Falle der Speicherung der Daten in Logfiles ist dies nach sp\u00e4testens 14 Tagen der Fall. Eine dar\u00fcberhinausgehende Speicherung ist m\u00f6glich. In diesem Fall werden die IP-Adressen der Nutzer anonymisiert, sodass eine Zuordnung des aufrufenden Clients nicht mehr m\u00f6glich ist.<span class=\"Apple-converted-space\">\u00a0<\/span><\/p>\n<h3 class=\"p4\">Cookies<\/h3>\n<p class=\"p3\">Wie viele andere Webseiten verwenden wir auch so genannte \u201eCookies\u201c. Bei Cookies handelt es sich um kleine Textdateien, die auf Ihrem Endger\u00e4t (Laptop, Tablet, Smartphone o.\u00e4.) gespeichert werden, wenn Sie unsere Webseite besuchen.<span class=\"Apple-converted-space\">\u00a0<\/span><\/p>\n<p class=\"p3\">Sie k\u00f6nnen Sie einzelne Cookies oder den gesamten Cookie-Bestand l\u00f6schen. Dar\u00fcber hinaus erhalten Sie Informationen und Anleitungen, wie diese Cookies gel\u00f6scht oder deren Speicherung vorab blockiert werden k\u00f6nnen. Je nach Anbieter Ihres Browsers finden Sie die notwendigen Informationen unter den nachfolgenden Links:<span class=\"Apple-converted-space\">\u00a0<\/span><\/p>\n<ul>\n<li class=\"p8\"><span class=\"s4\">Mozilla Firefox: <\/span>https:\/\/support.mozilla.org\/de\/kb\/cookies-loeschen-daten-von-websites-entfernen<span class=\"Apple-converted-space\">\u00a0<\/span><\/li>\n<li class=\"p8\"><span class=\"s4\">Internet Explorer: <\/span>https:\/\/support.microsoft.com\/de-de\/help\/17442\/windows-internet-explorer-delete-manage-cookies<span class=\"Apple-converted-space\">\u00a0<\/span><\/li>\n<li class=\"p8\"><span class=\"s5\">Google Chrome: <\/span>https:\/\/support.google.com\/accounts\/answer\/61416?hl=de<span class=\"Apple-converted-space\">\u00a0<\/span><\/li>\n<li class=\"p8\"><span class=\"s4\">Opera: <\/span>http:\/\/www.opera.com\/de\/help<span class=\"Apple-converted-space\">\u00a0<\/span><\/li>\n<li class=\"p9\"><span class=\"s4\">Safari: <\/span>https:\/\/support.apple.com\/kb\/PH17191?locale=de_DE&#038;viewlocale=de_DE<span class=\"Apple-converted-space\">\u00a0<\/span><\/li>\n<\/ul>\n<h4 class=\"p11\">Speicherdauer und eingesetzte Cookies:<span class=\"Apple-converted-space\">\u00a0<\/span><\/h4>\n<p class=\"p3\">Soweit Sie uns durch Ihre Browsereinstellungen oder Zustimmung die Verwendung von Cookies erlauben, k\u00f6nnen folgende Cookies auf unseren Webseiten zum Einsatz kommen:<span class=\"Apple-converted-space\">\u00a0<\/span><\/p>\n<h3 class=\"p4\">Technisch notwendige Cookies<span class=\"Apple-converted-space\">\u00a0<\/span><\/h3>\n<h4 class=\"p11\">Art und Zweck der Verarbeitung:<span class=\"Apple-converted-space\">\u00a0<\/span><\/h4>\n<p class=\"p3\">Wir setzen Cookies ein, um unsere Website nutzerfreundlicher zu gestalten. Einige Elemente unserer Internetseite erfordern es, dass der aufrufende Browser auch nach einem Seitenwechsel identifiziert werden kann.<span class=\"Apple-converted-space\">\u00a0<\/span><\/p>\n<p class=\"p3\">Der Zweck der Verwendung technisch notwendiger Cookies ist, die Nutzung von Websites f\u00fcr die Nutzer zu vereinfachen. Einige Funktionen unserer Internetseite k\u00f6nnen ohne den Einsatz von Cookies nicht angeboten werden. F\u00fcr diese ist es erforderlich, dass der Browser auch nach einem Seitenwechsel wiedererkannt wird.<span class=\"Apple-converted-space\">\u00a0<\/span><\/p>\n<p class=\"p3\">F\u00fcr folgende Anwendungen ben\u00f6tigen wir Cookies:<span class=\"Apple-converted-space\">\u00a0<\/span>\u00dcbernahme von Spracheinstellungen<span class=\"Apple-converted-space\">\u00a0<\/span><\/p>\n<h4 class=\"p11\">Rechtsgrundlage und berechtigtes Interesse:<span class=\"Apple-converted-space\">\u00a0<\/span><\/h4>\n<p class=\"p3\">Die Verarbeitung erfolgt gem\u00e4\u00df Art. 6 Abs. 1 lit. f DSGVO auf Basis unseres berechtigten Interesses an einer nutzerfreundlichen Gestaltung unserer Website.<span class=\"Apple-converted-space\">\u00a0<\/span><\/p>\n<h4 class=\"p11\">Empf\u00e4nger:<span class=\"Apple-converted-space\">\u00a0<\/span><\/h4>\n<p class=\"p3\">Empf\u00e4nger der Daten sind ggf. technische Dienstleister, die f\u00fcr den Betrieb und die Wartung unserer Website als Auftragsverarbeiter t\u00e4tig werden.<span class=\"Apple-converted-space\">\u00a0<\/span><\/p>\n<h4 class=\"p11\">Drittlandtransfer:<span class=\"Apple-converted-space\">\u00a0<\/span><\/h4>\n<p class=\"p3\">Die erhobenen Daten werden ggfs. in folgende Drittl\u00e4nder \u00fcbertragen:<span class=\"Apple-converted-space\">\u00a0<\/span>nein<span class=\"Apple-converted-space\">\u00a0<\/span><\/p>\n<p class=\"p3\">Folgende Datenschutzgarantien liegen vor:<span class=\"Apple-converted-space\">\u00a0<\/span><\/p>\n<h4 class=\"p11\">Bereitstellung vorgeschrieben oder erforderlich:<span class=\"Apple-converted-space\">\u00a0<\/span><\/h4>\n<p class=\"p3\">Die Bereitstellung der vorgenannten personenbezogenen Daten ist weder gesetzlich noch vertraglich vorgeschrieben. Ohne diese Daten ist jedoch der Dienst und die Funktionsf\u00e4higkeit unserer Website nicht gew\u00e4hrleistet. Zudem k\u00f6nnen einzelne Dienste und Services nicht verf\u00fcgbar oder eingeschr\u00e4nkt sein.<span class=\"Apple-converted-space\">\u00a0<\/span><\/p>\n<h3 class=\"p11\">Widerspruch<span class=\"Apple-converted-space\">\u00a0<\/span><\/h3>\n<p class=\"p3\">Lesen Sie dazu die Informationen \u00fcber Ihr Widerspruchsrecht nach Art. 21 DSGVO weiter unten.<span class=\"Apple-converted-space\">\u00a0<\/span><\/p>\n<h3 class=\"p4\">Kontaktformular<span class=\"Apple-converted-space\">\u00a0<\/span><\/h3>\n<h4 class=\"p11\">Art und Zweck der Verarbeitung:<span class=\"Apple-converted-space\">\u00a0<\/span><\/h4>\n<p class=\"p3\">Die von Ihnen eingegebenen Daten werden zum Zweck der individuellen Kommunikation mit Ihnen gespeichert. Hierf\u00fcr ist die Angabe einer validen E-Mail-Adresse sowie Ihres Namens erforderlich. Diese dient der<span class=\"Apple-converted-space\">\u00a0<\/span><\/p>\n<p class=\"p3\">Zuordnung der Anfrage und der anschlie\u00dfenden Beantwortung derselben. Die Angabe weiterer Daten ist optional.<span class=\"Apple-converted-space\">\u00a0<\/span><\/p>\n<h4 class=\"p11\">Rechtsgrundlage:<span class=\"Apple-converted-space\">\u00a0<\/span><\/h4>\n<p class=\"p3\">Die Verarbeitung der in das Kontaktformular eingegebenen Daten erfolgt auf der Grundlage eines berechtigten Interesses (Art. 6 Abs. 1 lit. f DSGVO).<span class=\"Apple-converted-space\">\u00a0<\/span><\/p>\n<p class=\"p3\">Durch Bereitstellung des Kontaktformulars m\u00f6chten wir Ihnen eine unkomplizierte Kontaktaufnahme erm\u00f6glichen. Ihre gemachten Angaben werden zum Zwecke der Bearbeitung der Anfrage sowie f\u00fcr m\u00f6gliche Anschlussfragen gespeichert.<span class=\"Apple-converted-space\">\u00a0<\/span><\/p>\n<p class=\"p3\">Sofern Sie mit uns Kontakt aufnehmen, um ein Angebot zu erfragen, erfolgt die Verarbeitung der in das Kontaktformular eingegebenen Daten zur Durchf\u00fchrung vorvertraglicher Ma\u00dfnahmen (Art. 6 Abs. 1 lit. b DSGVO).<span class=\"Apple-converted-space\">\u00a0<\/span><\/p>\n<h4 class=\"p11\">Empf\u00e4nger:<span class=\"Apple-converted-space\">\u00a0<\/span><\/h4>\n<p class=\"p3\">Empf\u00e4nger der Daten sind ggf. Auftragsverarbeiter.<span class=\"Apple-converted-space\">\u00a0<\/span><\/p>\n<h4 class=\"p11\">Drittlandtransfer:<span class=\"Apple-converted-space\">\u00a0<\/span><\/h4>\n<p class=\"p3\">Die erhobenen Daten werden ggfs. in folgende Drittl\u00e4nder \u00fcbertragen:<span class=\"Apple-converted-space\">\u00a0<\/span>nein<span class=\"Apple-converted-space\">\u00a0<\/span><\/p>\n<p class=\"p3\">Folgende Datenschutzgarantien liegen vor:<span class=\"Apple-converted-space\">\u00a0<\/span><\/p>\n<h4 class=\"p11\">Speicherdauer:<span class=\"Apple-converted-space\">\u00a0<\/span><\/h4>\n<p class=\"p3\">Daten werden sp\u00e4testens 6 Monate nach Bearbeitung der Anfrage gel\u00f6scht.<span class=\"Apple-converted-space\">\u00a0<\/span><\/p>\n<p class=\"p3\">Sofern es zu einem Vertragsverh\u00e4ltnis kommt, unterliegen wir den gesetzlichen Aufbewahrungsfristen nach HGB und l\u00f6schen Ihre Daten nach Ablauf dieser Fristen.<span class=\"Apple-converted-space\">\u00a0<\/span><\/p>\n<h4 class=\"p11\">Bereitstellung vorgeschrieben oder erforderlich:<span class=\"Apple-converted-space\">\u00a0<\/span><\/h4>\n<p class=\"p3\">Die Bereitstellung Ihrer personenbezogenen Daten erfolgt freiwillig. Wir k\u00f6nnen Ihre Anfrage jedoch nur bearbeiten, sofern Sie uns Ihren Namen, Ihre E-Mail-Adresse und den Grund der Anfrage mitteilen.<span class=\"Apple-converted-space\">\u00a0<\/span><\/p>\n<h3 class=\"p4\">Verwendung von Scriptbibliotheken (Google Webfonts)<\/h3>\n<p class=\"p3\">Um unsere Inhalte browser\u00fcbergreifend korrekt und grafisch ansprechend darzustellen, verwenden wir auf dieser Website \u201eGoogle Web Fonts\u201c der Google LLC (1600 Amphitheatre Parkway, Mountain View, CA 94043, USA; nachfolgend \u201eGoogle\u201c) zur Darstellung von Schriften.<span class=\"Apple-converted-space\">\u00a0<\/span><\/p>\n<p class=\"p3\">Weitere Informationen zu Google Web Fonts finden Sie unter <span class=\"s3\">https:\/\/developers.google.com\/fonts\/faq <\/span>und in der Datenschutzerkl\u00e4rung von Google: <span class=\"s3\">https:\/\/www.google.com\/policies\/privacy\/<\/span>.<span class=\"Apple-converted-space\">\u00a0<\/span><\/p>\n<h3 class=\"p4\">Verwendung von Typekit-Webschriftarten von Adobe Fonts<span class=\"Apple-converted-space\">\u00a0<\/span><\/h3>\n<p class=\"p3\">Wir setzen Typekit-Webschriftarten von Adobe Fonts zur visuellen Gestaltung unserer Website ein. Adobe Fonts ist ein Dienst der Adobe Systems Software Ireland Companies (4-6 Riverwalk, Citywest Business Campus, Dublin 24, Republic of Ireland; nachfolgend \u201eAdobe\u201c), der uns den Zugriff auf eine Schriftartenbibliothek gew\u00e4hrt.<span class=\"Apple-converted-space\">\u00a0<\/span><\/p>\n<p class=\"p3\">Zur Einbindung der von uns benutzten Schriftarten muss Ihr Browser eine Verbindung zu einem Server von Adobe in den USA aufbauen und die f\u00fcr unsere Website ben\u00f6tigte Schriftart herunterladen. Adobe erh\u00e4lt hierdurch die Information, dass von Ihrer IP-Adresse unsere Website aufgerufen wurde.<span class=\"Apple-converted-space\">\u00a0<\/span><\/p>\n<p class=\"p3\">Weitere Informationen zu Adobe Fonts finden Sie in den Datenschutzhinweisen von Adobe Fonts, die Sie hier abrufen k\u00f6nnen: <span class=\"s3\">https:\/\/www.adobe.com\/de\/privacy\/policies\/adobe-fonts.html<span class=\"Apple-converted-space\">\u00a0<\/span><\/span><\/p>\n<p class=\"p3\">Wenn Ihr Browser Web Fonts nicht unterst\u00fctzt, oder Sie Ihre Einwilligung nicht erteilen, wird eine Standardschrift von Ihrem Computer genutzt.<span class=\"Apple-converted-space\">\u00a0<\/span><\/p>\n<h4 class=\"p11\">Widerruf der Einwilligung:<span class=\"Apple-converted-space\">\u00a0<\/span><\/h4>\n<p class=\"p3\">Vom Anbieter wird derzeit keine M\u00f6glichkeit f\u00fcr einen einfachen Opt-out oder ein Blockieren der Daten\u00fcbertragung angeboten. Wenn Sie eine Nachverfolgung Ihrer Aktivit\u00e4ten auf unserer Website verhindern wollen,<span class=\"Apple-converted-space\">\u00a0<\/span><\/p>\n<p class=\"p3\">widerrufen Sie bitte im Cookie-Consent-Tool Ihre Einwilligung f\u00fcr die entsprechende Cookie-Kategorie oder alle technisch nicht notwendigen Cookies und Daten\u00fcbertragungen. In diesem Fall k\u00f6nnen Sie unsere Website jedoch ggfs. nicht oder nur eingeschr\u00e4nkt nutzen.<span class=\"Apple-converted-space\">\u00a0<\/span><\/p>\n<h3 class=\"p4\">SSL-Verschl\u00fcsselung<span class=\"Apple-converted-space\">\u00a0<\/span><\/h3>\n<p class=\"p3\">Um die Sicherheit Ihrer Daten bei der \u00dcbertragung zu sch\u00fctzen, verwenden wir dem aktuellen Stand der Technik entsprechende Verschl\u00fcsselungsverfahren (z. B. SSL) \u00fcber HTTPS.<span class=\"Apple-converted-space\">\u00a0<\/span><\/p>\n<h3 class=\"p4\">Information \u00fcber Ihr Widerspruchsrecht nach Art. 21 DSGVO<span class=\"Apple-converted-space\">\u00a0<\/span><\/h3>\n<h4 class=\"p11\">Einzelfallbezogenes Widerspruchsrecht<span class=\"Apple-converted-space\">\u00a0<\/span><\/h4>\n<p class=\"p3\">Sie haben das Recht, aus Gr\u00fcnden, die sich aus Ihrer besonderen Situation ergeben, jederzeit gegen die Verarbeitung Sie betreffender personenbezogener Daten, die aufgrund Art. 6 Abs. 1 lit. f DSGVO (Datenverarbeitung auf der Grundlage einer Interessenabw\u00e4gung) erfolgt, Widerspruch einzulegen; dies gilt auch f\u00fcr ein auf diese Bestimmung gest\u00fctztes Profiling im Sinne von Art. 4 Nr. 4 DSGVO.<span class=\"Apple-converted-space\">\u00a0<\/span><\/p>\n<p class=\"p3\">Legen Sie Widerspruch ein, werden wir Ihre personenbezogenen Daten nicht mehr verarbeiten, es sei denn, wir k\u00f6nnen zwingende schutzw\u00fcrdige Gr\u00fcnde f\u00fcr die Verarbeitung nachweisen, die Ihre Interessen, Rechte und Freiheiten \u00fcberwiegen, oder die Verarbeitung dient der Geltendmachung, Aus\u00fcbung oder Verteidigung von Rechtsanspr\u00fcchen.<span class=\"Apple-converted-space\">\u00a0<\/span><\/p>\n<h4 class=\"p11\">Empf\u00e4nger eines Widerspruchs<span class=\"Apple-converted-space\">\u00a0<\/span><\/h4>\n<p class=\"p3\">Ecopell GmbH Heinrich-Nicolaus-Strasse 31 D-87480 Weitnau \/ Seltmans<span class=\"Apple-converted-space\">\u00a0<\/span><\/p>\n<h3 class=\"p4\">\u00c4nderung unserer Datenschutzbestimmungen<span class=\"Apple-converted-space\">\u00a0<\/span><\/h3>\n<p class=\"p3\">Wir behalten uns vor, diese Datenschutzerkl\u00e4rung anzupassen, damit sie stets den aktuellen rechtlichen Anforderungen entspricht oder um \u00c4nderungen unserer Leistungen in der Datenschutzerkl\u00e4rung<span class=\"Apple-converted-space\">\u00a0<\/span><\/p>\n<p class=\"p3\">umzusetzen, z.B. bei der Einf\u00fchrung neuer Services. F\u00fcr Ihren erneuten Besuch gilt dann die neue Datenschutzerkl\u00e4rung.<span class=\"Apple-converted-space\">\u00a0<\/span><\/p>\n<h3 class=\"p4\">Fragen an den Datenschutzbeauftragten<span class=\"Apple-converted-space\">\u00a0<\/span><\/h3>\n<p class=\"p3\">Wenn Sie Fragen zum Datenschutz haben, schreiben Sie uns bitte eine E-Mail oder wenden Sie sich direkt an die f\u00fcr den Datenschutz verantwortliche Person in unserer Organisation:<span class=\"Apple-converted-space\">\u00a0<\/span><\/p>\n<p class=\"p3\">G\u00fcnther L\u00f6b, Eschenweg 1a, 87787 Wolfertschwenden, Datanschutz@sat-itec.de<span class=\"Apple-converted-space\">\u00a0<\/span><\/p>\n<\/div><\/section><\/div>\n","protected":false},"excerpt":{"rendered":"","protected":false},"author":1,"featured_media":0,"parent":0,"menu_order":0,"comment_status":"closed","ping_status":"closed","template":"","meta":{"footnotes":""},"class_list":["post-184","page","type-page","status-publish","hentry"],"jetpack_sharing_enabled":true,"_links":{"self":[{"href":"https:\/\/www.ecopell.de\/index.php?rest_route=\/wp\/v2\/pages\/184","targetHints":{"allow":["GET"]}}],"collection":[{"href":"https:\/\/www.ecopell.de\/index.php?rest_route=\/wp\/v2\/pages"}],"about":[{"href":"https:\/\/www.ecopell.de\/index.php?rest_route=\/wp\/v2\/types\/page"}],"author":[{"embeddable":true,"href":"https:\/\/www.ecopell.de\/index.php?rest_route=\/wp\/v2\/users\/1"}],"replies":[{"embeddable":true,"href":"https:\/\/www.ecopell.de\/index.php?rest_route=%2Fwp%2Fv2%2Fcomments&post=184"}],"version-history":[{"count":5,"href":"https:\/\/www.ecopell.de\/index.php?rest_route=\/wp\/v2\/pages\/184\/revisions"}],"predecessor-version":[{"id":1353,"href":"https:\/\/www.ecopell.de\/index.php?rest_route=\/wp\/v2\/pages\/184\/revisions\/1353"}],"wp:attachment":[{"href":"https:\/\/www.ecopell.de\/index.php?rest_route=%2Fwp%2Fv2%2Fmedia&parent=184"}],"curies":[{"name":"wp","href":"https:\/\/api.w.org\/{rel}","templated":true}]}}